{"id":2731,"date":"2024-07-03T20:34:40","date_gmt":"2024-07-03T18:34:40","guid":{"rendered":"https:\/\/www.macsmto.fr\/artistes\/chloe-quenum\/"},"modified":"2024-08-05T19:20:12","modified_gmt":"2024-08-05T17:20:12","slug":"chloe-quenum","status":"publish","type":"artist","link":"https:\/\/www.macsmto.fr\/en\/artistes\/chloe-quenum\/","title":{"rendered":"Chlo\u00e9 Quenum"},"content":{"rendered":"<div class=\"intro__wrapper  \" >\n\t<div class=\"intro container container--full\n\t\t\t\t\t\t\t\t\t\t\t\t\t\t\t\t  is-white  is-overlay-black  \t\t\t\t\t\t\t\t\t\t\t\t\t\t       \" style=\"--overlay: 50; --bc-color: white;\">\n\t\t<div class=\"intro__wrapper container container--large container--vspace \">\n\n\t\t\t\t\t\t\t  <div class=\"breadcrumb intro__breadcrumb\">\n    <span><span><a href=\"https:\/\/www.macsmto.fr\/en\/\">Home<\/a><\/span><\/span>\n  <\/div>\n\t\t\t\n\t\t\t\n\t\t\t<div class=\"intro__inside container\">\n\t\t\t\t\t\t\t\t\t<div class=\"intro__titre h1 notag  \">\n\t\t\t\t\t\t<h1>Chlo\u00e9 Quenum<\/h1>\n\t\t\t\t\t<\/div>\n\t\t\t\t\t\t\t\t\t\t\t\t\t\t\t\t\n\t\t\t\t\t\t\t<\/div>\n\t\t<\/div>\n\t\t\t<\/div>\n\t\t\t<span class=\"shape shape--sep-1 intro__shape\"><span class=\"shape__inside\"><svg fill=\"currentColor\" preserveAspectRatio=\"none\" height=\"67\" viewBox=\"0 0 1680 67\" width=\"1680\" xmlns=\"http:\/\/www.w3.org\/2000\/svg\"><path d=\"m182.339 32.1833h1315.321c78.31 0 137.76-13.9399 182.34-32.18337344l-1680 .00008918.0000029 66.28138426c44.5788971-19.5874 104.0299971-34.0981 182.3389971-34.0981z\" fill=\"currentColor\"\/><\/svg><\/span><\/span>\n\t\n\n\t<\/div>\n\n\n<div class=\"full-wysiwyg\" >\n\t<div class=\"full-wysiwyg__inside container container--vspace container--md-boxed grid-infos-content\">\n\t\t\t\t\t<div class=\"infos full-wysiwyg__infos\">\n      <div class=\"infos__titre h2 notag\">\n      <h2>Stories &#038; Revelations<\/h2>\n    <\/div>\n    <ul class=\"reset-list infos__liste\">\n      <\/ul>\n\n    <\/div>\n\t\t\t\t<div class=\"full-wysiwyg__texte wysiwyg\">\n\t\t\t\t\t\t<p><strong><img loading=\"lazy\" decoding=\"async\" class=\"alignnone size-full wp-image-2216\" src=\"https:\/\/www.macsmto.fr\/wp-content\/uploads\/2024\/07\/chloe-quenum-un-ciel-interieur-macs-mto-3.jpg\" alt=\"Portrait de Chlo\u00e9 Quenum\" width=\"1024\" height=\"769\" srcset=\"https:\/\/www.macsmto.fr\/wp-content\/uploads\/2024\/07\/chloe-quenum-un-ciel-interieur-macs-mto-3.jpg 1024w, https:\/\/www.macsmto.fr\/wp-content\/uploads\/2024\/07\/chloe-quenum-un-ciel-interieur-macs-mto-3-300x225.jpg 300w, https:\/\/www.macsmto.fr\/wp-content\/uploads\/2024\/07\/chloe-quenum-un-ciel-interieur-macs-mto-3-768x577.jpg 768w, https:\/\/www.macsmto.fr\/wp-content\/uploads\/2024\/07\/chloe-quenum-un-ciel-interieur-macs-mto-3-600x451.jpg 600w\" sizes=\"auto, (max-width: 1024px) 100vw, 1024px\" \/><\/strong><\/p>\n<p><b>Chlo\u00e9 Quenum <\/b><span style=\"font-weight: 400;\">(France, 1983) draws inspiration from the many stories she collects around the world to create a narrative that resonates with the uniqueness of individual voices and the power of cultures that are often overlooked by official history. Her subtle gestures recompose a story that is as fragile and beautiful as the materials and craft techniques she uses. Blown glass, dyed and embroidered textiles, and calligraphic drawings that create an imaginary alphabet reveal the blind spots of history, the hidden meanings of words, and their evocative power.<\/span><\/p>\n<p><strong><br \/>\n<span style=\"font-weight: 400;\">For the exhibition <\/span><b><i>Un Ciel int\u00e9rieur<\/i><\/b><i><span style=\"font-weight: 400;\">, <\/span><\/i><b><i>Chlo\u00e9 Quenum<\/i><\/b><span style=\"font-weight: 400;\"> translated three words associated with Sufi spirituality\u2014<\/span><i><span style=\"font-weight: 400;\">\u1e63\u016bf<\/span><\/i> <span style=\"font-weight: 400;\">(\u201cwool\u201d), <\/span><i><span style=\"font-weight: 400;\">saf\u0101<\/span><\/i> <span style=\"font-weight: 400;\">(\u201cclarity,\u201d \u201climpidity\u201d), and <\/span><i><span style=\"font-weight: 400;\">sofia<\/span><\/i><span style=\"font-weight: 400;\"> (\u201cwisdom\u201d)\u2014into a variation of blown-glass letters, a subtle, poetic meditation on the Farsi language. A second work consists of verses by the poet Rumi embroidered on pieces of fabric reminiscent of the patched garments worn primarily in North Africa, such as the <\/span><i><span style=\"font-weight: 400;\">derbala<\/span><\/i><span style=\"font-weight: 400;\">.<\/span><\/strong><\/p>\n\n\t\t\t\t\t<\/div>\n\t<\/div>\n<\/div>\n\n\n<div class=\"container separateur container--md-boxed\"\n  >\n  <hr \/>\n<\/div>\n\n\n<div class=\"container container--vspace container--md-boxed push\"\n  >\n        \n  <ul class=\"reset-list push__grid\">\n    \n              \n          <li>\n                  <a class=\"card-push btn-wrapper  text-shadow  \" target=\"_self\" href=\"https:\/\/www.macsmto.fr\/en\/visit\/\">\n  <span class=\"card-push__content\">\n        <strong class=\"card-push__title\">Prepare your visit<\/strong>\n    <span class=\"btn  btn--rounded  btn--primary-hover-white \">\n      <span class=\"icon \"><svg viewBox=\"0 0 30 30\" aria-hidden=\"true\" focusable=\"false\" tabindex=\"-1\" class=\"icon-svg\"><use xlink:href=\"#icon-arrow-right\"><\/use><\/svg><\/span>\n    <\/span>\n  <\/span>\n      <img decoding=\"async\" class=\"img-full img-cover anim-transform\"\n    src=\"https:\/\/www.macsmto.fr\/wp-content\/uploads\/2024\/04\/2dba41e90e0e02d7037ec10e9b3b2321-600x400.jpg\"\n    loading=\"lazy\"\n    alt=\"\" \/>\n  <\/a>\n              <\/li>\n          <li>\n                  <a class=\"card-push btn-wrapper  text-shadow  \" target=\"_self\" href=\"https:\/\/www.macsmto.fr\/en\/about\/\">\n  <span class=\"card-push__content\">\n        <strong class=\"card-push__title\">Explore the museum<\/strong>\n    <span class=\"btn  btn--rounded  btn--primary-hover-white \">\n      <span class=\"icon \"><svg viewBox=\"0 0 30 30\" aria-hidden=\"true\" focusable=\"false\" tabindex=\"-1\" class=\"icon-svg\"><use xlink:href=\"#icon-arrow-right\"><\/use><\/svg><\/span>\n    <\/span>\n  <\/span>\n      <img decoding=\"async\" class=\"img-full img-cover anim-transform\"\n    src=\"https:\/\/www.macsmto.fr\/wp-content\/uploads\/2024\/07\/musee-macs-mto-chatou-vue-cour-facade-avant-600x400.jpg\"\n    loading=\"lazy\"\n    alt=\"\" \/>\n  <\/a>\n              <\/li>\n      <\/ul>\n<\/div>\n\n\n<div class=\"container separateur container--md-boxed\"\n  >\n  <hr \/>\n<\/div>\n","protected":false},"author":3,"featured_media":2217,"template":"","class_list":["post-2731","artist","type-artist","status-publish","has-post-thumbnail","hentry"],"acf":[],"yoast_head":"<!-- This site is optimized with the Yoast SEO plugin v27.4 - https:\/\/yoast.com\/product\/yoast-seo-wordpress\/ -->\n<title>Chlo\u00e9 Quenum - MACS MTO\u00ae<\/title>\n<meta name=\"description\" content=\"D\u00e9couvrez les \u0153uvres de Chlo\u00e9 Quenum \u00e0 l&#039;exposition &quot;Un Ciel int\u00e9rieur&quot; au MACS MTO\u2122, \u00e0 partir du 28 septembre 2024.\" \/>\n<meta name=\"robots\" content=\"index, follow, max-snippet:-1, max-image-preview:large, max-video-preview:-1\" \/>\n<link rel=\"canonical\" href=\"https:\/\/www.macsmto.fr\/en\/artistes\/chloe-quenum\/\" \/>\n<meta property=\"og:locale\" content=\"en_US\" \/>\n<meta property=\"og:type\" content=\"article\" \/>\n<meta property=\"og:title\" content=\"Chlo\u00e9 Quenum - MACS MTO\u00ae\" \/>\n<meta property=\"og:description\" content=\"D\u00e9couvrez les \u0153uvres de Chlo\u00e9 Quenum \u00e0 l&#039;exposition &quot;Un Ciel int\u00e9rieur&quot; au MACS MTO\u2122, \u00e0 partir du 28 septembre 2024.\" \/>\n<meta property=\"og:url\" content=\"https:\/\/www.macsmto.fr\/en\/artistes\/chloe-quenum\/\" \/>\n<meta property=\"og:site_name\" content=\"Mus\u00e9e d&#039;art et de culture Soufis MTO\" \/>\n<meta property=\"article:publisher\" content=\"https:\/\/www.facebook.com\/macsmto\/\" \/>\n<meta property=\"article:modified_time\" content=\"2024-08-05T17:20:12+00:00\" \/>\n<meta property=\"og:image\" content=\"https:\/\/www.macsmto.fr\/wp-content\/uploads\/2024\/07\/chloe-quenum-un-ciel-interieur-macs-mto-3.jpg\" \/>\n\t<meta property=\"og:image:width\" content=\"1024\" \/>\n\t<meta property=\"og:image:height\" content=\"769\" \/>\n\t<meta property=\"og:image:type\" content=\"image\/jpeg\" \/>\n<meta name=\"twitter:card\" content=\"summary_large_image\" \/>\n<meta name=\"twitter:label1\" content=\"Est. reading time\" \/>\n\t<meta name=\"twitter:data1\" content=\"2 minutes\" \/>\n<script type=\"application\/ld+json\" class=\"yoast-schema-graph\">{\"@context\":\"https:\\\/\\\/schema.org\",\"@graph\":[{\"@type\":\"WebPage\",\"@id\":\"https:\\\/\\\/www.macsmto.fr\\\/en\\\/artistes\\\/chloe-quenum\\\/\",\"url\":\"https:\\\/\\\/www.macsmto.fr\\\/en\\\/artistes\\\/chloe-quenum\\\/\",\"name\":\"Chlo\u00e9 Quenum - MACS MTO\u00ae\",\"isPartOf\":{\"@id\":\"https:\\\/\\\/www.macsmto.fr\\\/en\\\/#website\"},\"primaryImageOfPage\":{\"@id\":\"https:\\\/\\\/www.macsmto.fr\\\/en\\\/artistes\\\/chloe-quenum\\\/#primaryimage\"},\"image\":{\"@id\":\"https:\\\/\\\/www.macsmto.fr\\\/en\\\/artistes\\\/chloe-quenum\\\/#primaryimage\"},\"thumbnailUrl\":\"https:\\\/\\\/www.macsmto.fr\\\/wp-content\\\/uploads\\\/2024\\\/07\\\/chloe-quenum-un-ciel-interieur-macs-mto-3.jpg\",\"datePublished\":\"2024-07-03T18:34:40+00:00\",\"dateModified\":\"2024-08-05T17:20:12+00:00\",\"description\":\"D\u00e9couvrez les \u0153uvres de Chlo\u00e9 Quenum \u00e0 l'exposition \\\"Un Ciel int\u00e9rieur\\\" au MACS MTO\u2122, \u00e0 partir du 28 septembre 2024.\",\"breadcrumb\":{\"@id\":\"https:\\\/\\\/www.macsmto.fr\\\/en\\\/artistes\\\/chloe-quenum\\\/#breadcrumb\"},\"inLanguage\":\"en-US\",\"potentialAction\":[{\"@type\":\"ReadAction\",\"target\":[\"https:\\\/\\\/www.macsmto.fr\\\/en\\\/artistes\\\/chloe-quenum\\\/\"]}]},{\"@type\":\"ImageObject\",\"inLanguage\":\"en-US\",\"@id\":\"https:\\\/\\\/www.macsmto.fr\\\/en\\\/artistes\\\/chloe-quenum\\\/#primaryimage\",\"url\":\"https:\\\/\\\/www.macsmto.fr\\\/wp-content\\\/uploads\\\/2024\\\/07\\\/chloe-quenum-un-ciel-interieur-macs-mto-3.jpg\",\"contentUrl\":\"https:\\\/\\\/www.macsmto.fr\\\/wp-content\\\/uploads\\\/2024\\\/07\\\/chloe-quenum-un-ciel-interieur-macs-mto-3.jpg\",\"width\":1024,\"height\":769,\"caption\":\"Portrait de Chlo\u00e9 Quenum\"},{\"@type\":\"BreadcrumbList\",\"@id\":\"https:\\\/\\\/www.macsmto.fr\\\/en\\\/artistes\\\/chloe-quenum\\\/#breadcrumb\",\"itemListElement\":[{\"@type\":\"ListItem\",\"position\":1,\"name\":\"Home\",\"item\":\"https:\\\/\\\/www.macsmto.fr\\\/en\\\/\"},{\"@type\":\"ListItem\",\"position\":2,\"name\":\"Chlo\u00e9 Quenum\"}]},{\"@type\":\"WebSite\",\"@id\":\"https:\\\/\\\/www.macsmto.fr\\\/en\\\/#website\",\"url\":\"https:\\\/\\\/www.macsmto.fr\\\/en\\\/\",\"name\":\"Mus\u00e9e d\u2019Art et de Culture Soufis MTO\u00ae\",\"description\":\"MACS MTO\",\"publisher\":{\"@id\":\"https:\\\/\\\/www.macsmto.fr\\\/en\\\/#organization\"},\"alternateName\":\"MACS MTO\u00ae\",\"potentialAction\":[{\"@type\":\"SearchAction\",\"target\":{\"@type\":\"EntryPoint\",\"urlTemplate\":\"https:\\\/\\\/www.macsmto.fr\\\/en\\\/?s={search_term_string}\"},\"query-input\":{\"@type\":\"PropertyValueSpecification\",\"valueRequired\":true,\"valueName\":\"search_term_string\"}}],\"inLanguage\":\"en-US\"},{\"@type\":\"Organization\",\"@id\":\"https:\\\/\\\/www.macsmto.fr\\\/en\\\/#organization\",\"name\":\"Mus\u00e9e d\u2019Art et de Culture Soufis MTO\u00ae\",\"alternateName\":\"MACS MTO\u00ae\",\"url\":\"https:\\\/\\\/www.macsmto.fr\\\/en\\\/\",\"logo\":{\"@type\":\"ImageObject\",\"inLanguage\":\"en-US\",\"@id\":\"https:\\\/\\\/www.macsmto.fr\\\/en\\\/#\\\/schema\\\/logo\\\/image\\\/\",\"url\":\"https:\\\/\\\/www.macsmto.fr\\\/wp-content\\\/uploads\\\/2024\\\/05\\\/macs-mto_logo-scaled.jpg\",\"contentUrl\":\"https:\\\/\\\/www.macsmto.fr\\\/wp-content\\\/uploads\\\/2024\\\/05\\\/macs-mto_logo-scaled.jpg\",\"width\":2560,\"height\":1798,\"caption\":\"Mus\u00e9e d\u2019Art et de Culture Soufis MTO\u00ae\"},\"image\":{\"@id\":\"https:\\\/\\\/www.macsmto.fr\\\/en\\\/#\\\/schema\\\/logo\\\/image\\\/\"},\"sameAs\":[\"https:\\\/\\\/www.facebook.com\\\/macsmto\\\/\",\"https:\\\/\\\/www.instagram.com\\\/macsmto\\\/\",\"https:\\\/\\\/www.linkedin.com\\\/company\\\/macsmto\\\/\"]}]}<\/script>\n<!-- \/ Yoast SEO plugin. -->","yoast_head_json":{"title":"Chlo\u00e9 Quenum - MACS MTO\u00ae","description":"D\u00e9couvrez les \u0153uvres de Chlo\u00e9 Quenum \u00e0 l'exposition \"Un Ciel int\u00e9rieur\" au MACS MTO\u2122, \u00e0 partir du 28 septembre 2024.","robots":{"index":"index","follow":"follow","max-snippet":"max-snippet:-1","max-image-preview":"max-image-preview:large","max-video-preview":"max-video-preview:-1"},"canonical":"https:\/\/www.macsmto.fr\/en\/artistes\/chloe-quenum\/","og_locale":"en_US","og_type":"article","og_title":"Chlo\u00e9 Quenum - MACS MTO\u00ae","og_description":"D\u00e9couvrez les \u0153uvres de Chlo\u00e9 Quenum \u00e0 l'exposition \"Un Ciel int\u00e9rieur\" au MACS MTO\u2122, \u00e0 partir du 28 septembre 2024.","og_url":"https:\/\/www.macsmto.fr\/en\/artistes\/chloe-quenum\/","og_site_name":"Mus\u00e9e d&#039;art et de culture Soufis MTO","article_publisher":"https:\/\/www.facebook.com\/macsmto\/","article_modified_time":"2024-08-05T17:20:12+00:00","og_image":[{"width":1024,"height":769,"url":"https:\/\/www.macsmto.fr\/wp-content\/uploads\/2024\/07\/chloe-quenum-un-ciel-interieur-macs-mto-3.jpg","type":"image\/jpeg"}],"twitter_card":"summary_large_image","twitter_misc":{"Est. reading time":"2 minutes"},"schema":{"@context":"https:\/\/schema.org","@graph":[{"@type":"WebPage","@id":"https:\/\/www.macsmto.fr\/en\/artistes\/chloe-quenum\/","url":"https:\/\/www.macsmto.fr\/en\/artistes\/chloe-quenum\/","name":"Chlo\u00e9 Quenum - MACS MTO\u00ae","isPartOf":{"@id":"https:\/\/www.macsmto.fr\/en\/#website"},"primaryImageOfPage":{"@id":"https:\/\/www.macsmto.fr\/en\/artistes\/chloe-quenum\/#primaryimage"},"image":{"@id":"https:\/\/www.macsmto.fr\/en\/artistes\/chloe-quenum\/#primaryimage"},"thumbnailUrl":"https:\/\/www.macsmto.fr\/wp-content\/uploads\/2024\/07\/chloe-quenum-un-ciel-interieur-macs-mto-3.jpg","datePublished":"2024-07-03T18:34:40+00:00","dateModified":"2024-08-05T17:20:12+00:00","description":"D\u00e9couvrez les \u0153uvres de Chlo\u00e9 Quenum \u00e0 l'exposition \"Un Ciel int\u00e9rieur\" au MACS MTO\u2122, \u00e0 partir du 28 septembre 2024.","breadcrumb":{"@id":"https:\/\/www.macsmto.fr\/en\/artistes\/chloe-quenum\/#breadcrumb"},"inLanguage":"en-US","potentialAction":[{"@type":"ReadAction","target":["https:\/\/www.macsmto.fr\/en\/artistes\/chloe-quenum\/"]}]},{"@type":"ImageObject","inLanguage":"en-US","@id":"https:\/\/www.macsmto.fr\/en\/artistes\/chloe-quenum\/#primaryimage","url":"https:\/\/www.macsmto.fr\/wp-content\/uploads\/2024\/07\/chloe-quenum-un-ciel-interieur-macs-mto-3.jpg","contentUrl":"https:\/\/www.macsmto.fr\/wp-content\/uploads\/2024\/07\/chloe-quenum-un-ciel-interieur-macs-mto-3.jpg","width":1024,"height":769,"caption":"Portrait de Chlo\u00e9 Quenum"},{"@type":"BreadcrumbList","@id":"https:\/\/www.macsmto.fr\/en\/artistes\/chloe-quenum\/#breadcrumb","itemListElement":[{"@type":"ListItem","position":1,"name":"Home","item":"https:\/\/www.macsmto.fr\/en\/"},{"@type":"ListItem","position":2,"name":"Chlo\u00e9 Quenum"}]},{"@type":"WebSite","@id":"https:\/\/www.macsmto.fr\/en\/#website","url":"https:\/\/www.macsmto.fr\/en\/","name":"Mus\u00e9e d\u2019Art et de Culture Soufis MTO\u00ae","description":"MACS MTO","publisher":{"@id":"https:\/\/www.macsmto.fr\/en\/#organization"},"alternateName":"MACS MTO\u00ae","potentialAction":[{"@type":"SearchAction","target":{"@type":"EntryPoint","urlTemplate":"https:\/\/www.macsmto.fr\/en\/?s={search_term_string}"},"query-input":{"@type":"PropertyValueSpecification","valueRequired":true,"valueName":"search_term_string"}}],"inLanguage":"en-US"},{"@type":"Organization","@id":"https:\/\/www.macsmto.fr\/en\/#organization","name":"Mus\u00e9e d\u2019Art et de Culture Soufis MTO\u00ae","alternateName":"MACS MTO\u00ae","url":"https:\/\/www.macsmto.fr\/en\/","logo":{"@type":"ImageObject","inLanguage":"en-US","@id":"https:\/\/www.macsmto.fr\/en\/#\/schema\/logo\/image\/","url":"https:\/\/www.macsmto.fr\/wp-content\/uploads\/2024\/05\/macs-mto_logo-scaled.jpg","contentUrl":"https:\/\/www.macsmto.fr\/wp-content\/uploads\/2024\/05\/macs-mto_logo-scaled.jpg","width":2560,"height":1798,"caption":"Mus\u00e9e d\u2019Art et de Culture Soufis MTO\u00ae"},"image":{"@id":"https:\/\/www.macsmto.fr\/en\/#\/schema\/logo\/image\/"},"sameAs":["https:\/\/www.facebook.com\/macsmto\/","https:\/\/www.instagram.com\/macsmto\/","https:\/\/www.linkedin.com\/company\/macsmto\/"]}]}},"_links":{"self":[{"href":"https:\/\/www.macsmto.fr\/en\/wp-json\/wp\/v2\/artist\/2731","targetHints":{"allow":["GET"]}}],"collection":[{"href":"https:\/\/www.macsmto.fr\/en\/wp-json\/wp\/v2\/artist"}],"about":[{"href":"https:\/\/www.macsmto.fr\/en\/wp-json\/wp\/v2\/types\/artist"}],"author":[{"embeddable":true,"href":"https:\/\/www.macsmto.fr\/en\/wp-json\/wp\/v2\/users\/3"}],"version-history":[{"count":2,"href":"https:\/\/www.macsmto.fr\/en\/wp-json\/wp\/v2\/artist\/2731\/revisions"}],"predecessor-version":[{"id":2733,"href":"https:\/\/www.macsmto.fr\/en\/wp-json\/wp\/v2\/artist\/2731\/revisions\/2733"}],"wp:featuredmedia":[{"embeddable":true,"href":"https:\/\/www.macsmto.fr\/en\/wp-json\/wp\/v2\/media\/2217"}],"wp:attachment":[{"href":"https:\/\/www.macsmto.fr\/en\/wp-json\/wp\/v2\/media?parent=2731"}],"curies":[{"name":"wp","href":"https:\/\/api.w.org\/{rel}","templated":true}]}}