{"id":2734,"date":"2024-07-03T20:03:42","date_gmt":"2024-07-03T18:03:42","guid":{"rendered":"https:\/\/www.macsmto.fr\/artistes\/younes-rahmoun\/"},"modified":"2024-09-12T17:49:07","modified_gmt":"2024-09-12T15:49:07","slug":"younes-rahmoun","status":"publish","type":"artist","link":"https:\/\/www.macsmto.fr\/en\/artistes\/younes-rahmoun\/","title":{"rendered":"Younes Rahmoun"},"content":{"rendered":"<div class=\"intro__wrapper  \" >\n\t<div class=\"intro container container--full\n\t\t\t\t\t\t\t\t\t\t\t\t\t\t\t\t  is-white  is-overlay-black  \t\t\t\t\t\t\t\t\t\t\t\t\t\t       \" style=\"--overlay: 50; --bc-color: white;\">\n\t\t<div class=\"intro__wrapper container container--large container--vspace \">\n\n\t\t\t\t\t\t\t  <div class=\"breadcrumb intro__breadcrumb\">\n    <span><span><a href=\"https:\/\/www.macsmto.fr\/en\/\">Home<\/a><\/span><\/span>\n  <\/div>\n\t\t\t\n\t\t\t\n\t\t\t<div class=\"intro__inside container\">\n\t\t\t\t\t\t\t\t\t<div class=\"intro__titre h1 notag  \">\n\t\t\t\t\t\t<h1>Younes Rahmoun<\/h1>\n\t\t\t\t\t<\/div>\n\t\t\t\t\t\t\t\t\t\t\t\t\t\t\t\t\n\t\t\t\t\t\t\t<\/div>\n\t\t<\/div>\n\t\t\t<\/div>\n\t\t\t<span class=\"shape shape--sep-1 intro__shape\"><span class=\"shape__inside\"><svg fill=\"currentColor\" preserveAspectRatio=\"none\" height=\"67\" viewBox=\"0 0 1680 67\" width=\"1680\" xmlns=\"http:\/\/www.w3.org\/2000\/svg\"><path d=\"m182.339 32.1833h1315.321c78.31 0 137.76-13.9399 182.34-32.18337344l-1680 .00008918.0000029 66.28138426c44.5788971-19.5874 104.0299971-34.0981 182.3389971-34.0981z\" fill=\"currentColor\"\/><\/svg><\/span><\/span>\n\t\n\n\t<\/div>\n\n\n<div class=\"full-wysiwyg\" >\n\t<div class=\"full-wysiwyg__inside container container--vspace container--md-boxed grid-infos-content\">\n\t\t\t\t\t<div class=\"infos full-wysiwyg__infos\">\n      <div class=\"infos__titre h2 notag\">\n      <h2>An Inner Path<\/h2>\n    <\/div>\n    <ul class=\"reset-list infos__liste\">\n      <\/ul>\n\n    <\/div>\n\t\t\t\t<div class=\"full-wysiwyg__texte wysiwyg\">\n\t\t\t\t\t\t<div id=\"attachment_2080\" style=\"width: 1034px\" class=\"wp-caption alignnone\"><img loading=\"lazy\" decoding=\"async\" aria-describedby=\"caption-attachment-2080\" class=\"wp-image-2080 size-large\" src=\"https:\/\/www.macsmto.fr\/wp-content\/uploads\/2024\/07\/younes-rahmoun-credit-photo-carlos-perez-marin-2023-macs-mto-1024x768.jpg\" alt=\"Portrait de Younes Rahmoun par Carlos Perez Marin\" width=\"1024\" height=\"768\" srcset=\"https:\/\/www.macsmto.fr\/wp-content\/uploads\/2024\/07\/younes-rahmoun-credit-photo-carlos-perez-marin-2023-macs-mto-1024x768.jpg 1024w, https:\/\/www.macsmto.fr\/wp-content\/uploads\/2024\/07\/younes-rahmoun-credit-photo-carlos-perez-marin-2023-macs-mto-300x225.jpg 300w, https:\/\/www.macsmto.fr\/wp-content\/uploads\/2024\/07\/younes-rahmoun-credit-photo-carlos-perez-marin-2023-macs-mto-768x576.jpg 768w, https:\/\/www.macsmto.fr\/wp-content\/uploads\/2024\/07\/younes-rahmoun-credit-photo-carlos-perez-marin-2023-macs-mto-1536x1152.jpg 1536w, https:\/\/www.macsmto.fr\/wp-content\/uploads\/2024\/07\/younes-rahmoun-credit-photo-carlos-perez-marin-2023-macs-mto-2048x1536.jpg 2048w, https:\/\/www.macsmto.fr\/wp-content\/uploads\/2024\/07\/younes-rahmoun-credit-photo-carlos-perez-marin-2023-macs-mto-600x450.jpg 600w, https:\/\/www.macsmto.fr\/wp-content\/uploads\/2024\/07\/younes-rahmoun-credit-photo-carlos-perez-marin-2023-macs-mto-1680x1260.jpg 1680w\" sizes=\"auto, (max-width: 1024px) 100vw, 1024px\" \/><p id=\"caption-attachment-2080\" class=\"wp-caption-text\">Photo: Carlos Perez Marin<\/p><\/div>\n<p><span style=\"font-weight: 400;\">The works of <\/span><b>Younes Rahmoun<\/b><span style=\"font-weight: 400;\"> (Morocco, 1975) are deeply rooted in a vision of the world shaped by the principles of Sufism. They embody inner experience and give form to the invisible, such as the awakening and spirit. A universal motif, the house is a recurring theme in his work. <\/span><span style=\"font-weight: 400;\">It symbolizes the private place from which the individual finds their place in the world. The three works from the <\/span><b><i>Manzil <\/i><\/b><span style=\"font-weight: 400;\">(house)<\/span> <span style=\"font-weight: 400;\">series in the exhibition follow an upward trajectory, from the earth to the sky, from one floor of the museum to the next, thus evoking an inner journey as a common thread. The house embodies a person finding their balance between themselves and their environment. <\/span><\/p>\n<p><span style=\"font-weight: 400;\">Created for the exhibition<\/span> <b><i>Un Ciel int\u00e9rieur<\/i><\/b><span style=\"font-weight: 400;\">, <\/span><b><i>Markib-Habba <\/i><\/b><span style=\"font-weight: 400;\">(Boat-Seed), revolves around two recurring themes in Younes Rahmoun\u2019s work: the boat\u2014symbolizing the spiritual journey, and the seed\u2014the source of life and the place where the soul resides.<\/span><\/p>\n\n\t\t\t\t\t<\/div>\n\t<\/div>\n<\/div>\n\n\n<div class=\"container container--vspace container--md-boxed push\"\n  >\n        <div class=\"title-text push__title-text\" >\n          <div class=\"title-text__title h2 notag\">\n        <h2>More information<\/h2>\n      <\/div>\n          <\/div>\n  \n  <ul class=\"reset-list push__grid\">\n    \n              \n          <li>\n                  <a class=\"card-push btn-wrapper  text-shadow  \" target=\"_self\" href=\"https:\/\/www.macsmto.fr\/en\/visit\/\">\n  <span class=\"card-push__content\">\n        <strong class=\"card-push__title\">Prepare your visit<\/strong>\n    <span class=\"btn  btn--rounded  btn--primary-hover-white \">\n      <span class=\"icon \"><svg viewBox=\"0 0 30 30\" aria-hidden=\"true\" focusable=\"false\" tabindex=\"-1\" class=\"icon-svg\"><use xlink:href=\"#icon-arrow-right\"><\/use><\/svg><\/span>\n    <\/span>\n  <\/span>\n      <img decoding=\"async\" class=\"img-full img-cover anim-transform\"\n    src=\"https:\/\/www.macsmto.fr\/wp-content\/uploads\/2024\/04\/2dba41e90e0e02d7037ec10e9b3b2321-600x400.jpg\"\n    loading=\"lazy\"\n    alt=\"\" \/>\n  <\/a>\n              <\/li>\n          <li>\n                  <a class=\"card-push btn-wrapper  text-shadow  \" target=\"_self\" href=\"https:\/\/www.macsmto.fr\/en\/about\/\">\n  <span class=\"card-push__content\">\n        <strong class=\"card-push__title\">Explore the museum<\/strong>\n    <span class=\"btn  btn--rounded  btn--primary-hover-white \">\n      <span class=\"icon \"><svg viewBox=\"0 0 30 30\" aria-hidden=\"true\" focusable=\"false\" tabindex=\"-1\" class=\"icon-svg\"><use xlink:href=\"#icon-arrow-right\"><\/use><\/svg><\/span>\n    <\/span>\n  <\/span>\n      <img decoding=\"async\" class=\"img-full img-cover anim-transform\"\n    src=\"https:\/\/www.macsmto.fr\/wp-content\/uploads\/2024\/07\/musee-macs-mto-chatou-vue-cour-facade-avant-600x400.jpg\"\n    loading=\"lazy\"\n    alt=\"\" \/>\n  <\/a>\n              <\/li>\n      <\/ul>\n<\/div>\n\n\n<div class=\"container separateur container--md-boxed\"\n  >\n  <hr \/>\n<\/div>\n","protected":false},"author":3,"featured_media":2081,"template":"","class_list":["post-2734","artist","type-artist","status-publish","has-post-thumbnail","hentry"],"acf":[],"yoast_head":"<!-- This site is optimized with the Yoast SEO plugin v27.4 - https:\/\/yoast.com\/product\/yoast-seo-wordpress\/ -->\n<title>Younes Rahmoun - MACS MTO\u00ae<\/title>\n<meta name=\"description\" content=\"D\u00e9couvrez les \u0153uvres de Younes Rahmoun \u00e0 l&#039;exposition &quot;Un Ciel int\u00e9rieur&quot; au MACS MTO\u2122, \u00e0 partir du 28 septembre 2024.\" \/>\n<meta name=\"robots\" content=\"index, follow, max-snippet:-1, max-image-preview:large, max-video-preview:-1\" \/>\n<link rel=\"canonical\" href=\"https:\/\/www.macsmto.fr\/en\/artistes\/younes-rahmoun\/\" \/>\n<meta property=\"og:locale\" content=\"en_US\" \/>\n<meta property=\"og:type\" content=\"article\" \/>\n<meta property=\"og:title\" content=\"Younes Rahmoun - MACS MTO\u00ae\" \/>\n<meta property=\"og:description\" content=\"D\u00e9couvrez les \u0153uvres de Younes Rahmoun \u00e0 l&#039;exposition &quot;Un Ciel int\u00e9rieur&quot; au MACS MTO\u2122, \u00e0 partir du 28 septembre 2024.\" \/>\n<meta property=\"og:url\" content=\"https:\/\/www.macsmto.fr\/en\/artistes\/younes-rahmoun\/\" \/>\n<meta property=\"og:site_name\" content=\"Mus\u00e9e d&#039;art et de culture Soufis MTO\" \/>\n<meta property=\"article:publisher\" content=\"https:\/\/www.facebook.com\/macsmto\/\" \/>\n<meta property=\"article:modified_time\" content=\"2024-09-12T15:49:07+00:00\" \/>\n<meta property=\"og:image\" content=\"https:\/\/www.macsmto.fr\/wp-content\/uploads\/2024\/07\/younes-rahmoun-credit-photo-carlos-perez-marin-2023-macs-mto-scaled.jpg\" \/>\n\t<meta property=\"og:image:width\" content=\"2560\" \/>\n\t<meta property=\"og:image:height\" content=\"1920\" \/>\n\t<meta property=\"og:image:type\" content=\"image\/jpeg\" \/>\n<meta name=\"twitter:card\" content=\"summary_large_image\" \/>\n<meta name=\"twitter:label1\" content=\"Est. reading time\" \/>\n\t<meta name=\"twitter:data1\" content=\"2 minutes\" \/>\n<script type=\"application\/ld+json\" class=\"yoast-schema-graph\">{\"@context\":\"https:\\\/\\\/schema.org\",\"@graph\":[{\"@type\":\"WebPage\",\"@id\":\"https:\\\/\\\/www.macsmto.fr\\\/en\\\/artistes\\\/younes-rahmoun\\\/\",\"url\":\"https:\\\/\\\/www.macsmto.fr\\\/en\\\/artistes\\\/younes-rahmoun\\\/\",\"name\":\"Younes Rahmoun - MACS MTO\u00ae\",\"isPartOf\":{\"@id\":\"https:\\\/\\\/www.macsmto.fr\\\/en\\\/#website\"},\"primaryImageOfPage\":{\"@id\":\"https:\\\/\\\/www.macsmto.fr\\\/en\\\/artistes\\\/younes-rahmoun\\\/#primaryimage\"},\"image\":{\"@id\":\"https:\\\/\\\/www.macsmto.fr\\\/en\\\/artistes\\\/younes-rahmoun\\\/#primaryimage\"},\"thumbnailUrl\":\"https:\\\/\\\/www.macsmto.fr\\\/wp-content\\\/uploads\\\/2024\\\/07\\\/younes-rahmoun-credit-photo-carlos-perez-marin-2023-macs-mto-scaled.jpg\",\"datePublished\":\"2024-07-03T18:03:42+00:00\",\"dateModified\":\"2024-09-12T15:49:07+00:00\",\"description\":\"D\u00e9couvrez les \u0153uvres de Younes Rahmoun \u00e0 l'exposition \\\"Un Ciel int\u00e9rieur\\\" au MACS MTO\u2122, \u00e0 partir du 28 septembre 2024.\",\"breadcrumb\":{\"@id\":\"https:\\\/\\\/www.macsmto.fr\\\/en\\\/artistes\\\/younes-rahmoun\\\/#breadcrumb\"},\"inLanguage\":\"en-US\",\"potentialAction\":[{\"@type\":\"ReadAction\",\"target\":[\"https:\\\/\\\/www.macsmto.fr\\\/en\\\/artistes\\\/younes-rahmoun\\\/\"]}]},{\"@type\":\"ImageObject\",\"inLanguage\":\"en-US\",\"@id\":\"https:\\\/\\\/www.macsmto.fr\\\/en\\\/artistes\\\/younes-rahmoun\\\/#primaryimage\",\"url\":\"https:\\\/\\\/www.macsmto.fr\\\/wp-content\\\/uploads\\\/2024\\\/07\\\/younes-rahmoun-credit-photo-carlos-perez-marin-2023-macs-mto-scaled.jpg\",\"contentUrl\":\"https:\\\/\\\/www.macsmto.fr\\\/wp-content\\\/uploads\\\/2024\\\/07\\\/younes-rahmoun-credit-photo-carlos-perez-marin-2023-macs-mto-scaled.jpg\",\"width\":2560,\"height\":1920,\"caption\":\"Cr\u00e9dit photo : Carlos Perez Marin\"},{\"@type\":\"BreadcrumbList\",\"@id\":\"https:\\\/\\\/www.macsmto.fr\\\/en\\\/artistes\\\/younes-rahmoun\\\/#breadcrumb\",\"itemListElement\":[{\"@type\":\"ListItem\",\"position\":1,\"name\":\"Home\",\"item\":\"https:\\\/\\\/www.macsmto.fr\\\/en\\\/\"},{\"@type\":\"ListItem\",\"position\":2,\"name\":\"Younes Rahmoun\"}]},{\"@type\":\"WebSite\",\"@id\":\"https:\\\/\\\/www.macsmto.fr\\\/en\\\/#website\",\"url\":\"https:\\\/\\\/www.macsmto.fr\\\/en\\\/\",\"name\":\"Mus\u00e9e d\u2019Art et de Culture Soufis MTO\u00ae\",\"description\":\"MACS MTO\",\"publisher\":{\"@id\":\"https:\\\/\\\/www.macsmto.fr\\\/en\\\/#organization\"},\"alternateName\":\"MACS MTO\u00ae\",\"potentialAction\":[{\"@type\":\"SearchAction\",\"target\":{\"@type\":\"EntryPoint\",\"urlTemplate\":\"https:\\\/\\\/www.macsmto.fr\\\/en\\\/?s={search_term_string}\"},\"query-input\":{\"@type\":\"PropertyValueSpecification\",\"valueRequired\":true,\"valueName\":\"search_term_string\"}}],\"inLanguage\":\"en-US\"},{\"@type\":\"Organization\",\"@id\":\"https:\\\/\\\/www.macsmto.fr\\\/en\\\/#organization\",\"name\":\"Mus\u00e9e d\u2019Art et de Culture Soufis MTO\u00ae\",\"alternateName\":\"MACS MTO\u00ae\",\"url\":\"https:\\\/\\\/www.macsmto.fr\\\/en\\\/\",\"logo\":{\"@type\":\"ImageObject\",\"inLanguage\":\"en-US\",\"@id\":\"https:\\\/\\\/www.macsmto.fr\\\/en\\\/#\\\/schema\\\/logo\\\/image\\\/\",\"url\":\"https:\\\/\\\/www.macsmto.fr\\\/wp-content\\\/uploads\\\/2024\\\/05\\\/macs-mto_logo-scaled.jpg\",\"contentUrl\":\"https:\\\/\\\/www.macsmto.fr\\\/wp-content\\\/uploads\\\/2024\\\/05\\\/macs-mto_logo-scaled.jpg\",\"width\":2560,\"height\":1798,\"caption\":\"Mus\u00e9e d\u2019Art et de Culture Soufis MTO\u00ae\"},\"image\":{\"@id\":\"https:\\\/\\\/www.macsmto.fr\\\/en\\\/#\\\/schema\\\/logo\\\/image\\\/\"},\"sameAs\":[\"https:\\\/\\\/www.facebook.com\\\/macsmto\\\/\",\"https:\\\/\\\/www.instagram.com\\\/macsmto\\\/\",\"https:\\\/\\\/www.linkedin.com\\\/company\\\/macsmto\\\/\"]}]}<\/script>\n<!-- \/ Yoast SEO plugin. -->","yoast_head_json":{"title":"Younes Rahmoun - MACS MTO\u00ae","description":"D\u00e9couvrez les \u0153uvres de Younes Rahmoun \u00e0 l'exposition \"Un Ciel int\u00e9rieur\" au MACS MTO\u2122, \u00e0 partir du 28 septembre 2024.","robots":{"index":"index","follow":"follow","max-snippet":"max-snippet:-1","max-image-preview":"max-image-preview:large","max-video-preview":"max-video-preview:-1"},"canonical":"https:\/\/www.macsmto.fr\/en\/artistes\/younes-rahmoun\/","og_locale":"en_US","og_type":"article","og_title":"Younes Rahmoun - MACS MTO\u00ae","og_description":"D\u00e9couvrez les \u0153uvres de Younes Rahmoun \u00e0 l'exposition \"Un Ciel int\u00e9rieur\" au MACS MTO\u2122, \u00e0 partir du 28 septembre 2024.","og_url":"https:\/\/www.macsmto.fr\/en\/artistes\/younes-rahmoun\/","og_site_name":"Mus\u00e9e d&#039;art et de culture Soufis MTO","article_publisher":"https:\/\/www.facebook.com\/macsmto\/","article_modified_time":"2024-09-12T15:49:07+00:00","og_image":[{"width":2560,"height":1920,"url":"https:\/\/www.macsmto.fr\/wp-content\/uploads\/2024\/07\/younes-rahmoun-credit-photo-carlos-perez-marin-2023-macs-mto-scaled.jpg","type":"image\/jpeg"}],"twitter_card":"summary_large_image","twitter_misc":{"Est. reading time":"2 minutes"},"schema":{"@context":"https:\/\/schema.org","@graph":[{"@type":"WebPage","@id":"https:\/\/www.macsmto.fr\/en\/artistes\/younes-rahmoun\/","url":"https:\/\/www.macsmto.fr\/en\/artistes\/younes-rahmoun\/","name":"Younes Rahmoun - MACS MTO\u00ae","isPartOf":{"@id":"https:\/\/www.macsmto.fr\/en\/#website"},"primaryImageOfPage":{"@id":"https:\/\/www.macsmto.fr\/en\/artistes\/younes-rahmoun\/#primaryimage"},"image":{"@id":"https:\/\/www.macsmto.fr\/en\/artistes\/younes-rahmoun\/#primaryimage"},"thumbnailUrl":"https:\/\/www.macsmto.fr\/wp-content\/uploads\/2024\/07\/younes-rahmoun-credit-photo-carlos-perez-marin-2023-macs-mto-scaled.jpg","datePublished":"2024-07-03T18:03:42+00:00","dateModified":"2024-09-12T15:49:07+00:00","description":"D\u00e9couvrez les \u0153uvres de Younes Rahmoun \u00e0 l'exposition \"Un Ciel int\u00e9rieur\" au MACS MTO\u2122, \u00e0 partir du 28 septembre 2024.","breadcrumb":{"@id":"https:\/\/www.macsmto.fr\/en\/artistes\/younes-rahmoun\/#breadcrumb"},"inLanguage":"en-US","potentialAction":[{"@type":"ReadAction","target":["https:\/\/www.macsmto.fr\/en\/artistes\/younes-rahmoun\/"]}]},{"@type":"ImageObject","inLanguage":"en-US","@id":"https:\/\/www.macsmto.fr\/en\/artistes\/younes-rahmoun\/#primaryimage","url":"https:\/\/www.macsmto.fr\/wp-content\/uploads\/2024\/07\/younes-rahmoun-credit-photo-carlos-perez-marin-2023-macs-mto-scaled.jpg","contentUrl":"https:\/\/www.macsmto.fr\/wp-content\/uploads\/2024\/07\/younes-rahmoun-credit-photo-carlos-perez-marin-2023-macs-mto-scaled.jpg","width":2560,"height":1920,"caption":"Cr\u00e9dit photo : Carlos Perez Marin"},{"@type":"BreadcrumbList","@id":"https:\/\/www.macsmto.fr\/en\/artistes\/younes-rahmoun\/#breadcrumb","itemListElement":[{"@type":"ListItem","position":1,"name":"Home","item":"https:\/\/www.macsmto.fr\/en\/"},{"@type":"ListItem","position":2,"name":"Younes Rahmoun"}]},{"@type":"WebSite","@id":"https:\/\/www.macsmto.fr\/en\/#website","url":"https:\/\/www.macsmto.fr\/en\/","name":"Mus\u00e9e d\u2019Art et de Culture Soufis MTO\u00ae","description":"MACS MTO","publisher":{"@id":"https:\/\/www.macsmto.fr\/en\/#organization"},"alternateName":"MACS MTO\u00ae","potentialAction":[{"@type":"SearchAction","target":{"@type":"EntryPoint","urlTemplate":"https:\/\/www.macsmto.fr\/en\/?s={search_term_string}"},"query-input":{"@type":"PropertyValueSpecification","valueRequired":true,"valueName":"search_term_string"}}],"inLanguage":"en-US"},{"@type":"Organization","@id":"https:\/\/www.macsmto.fr\/en\/#organization","name":"Mus\u00e9e d\u2019Art et de Culture Soufis MTO\u00ae","alternateName":"MACS MTO\u00ae","url":"https:\/\/www.macsmto.fr\/en\/","logo":{"@type":"ImageObject","inLanguage":"en-US","@id":"https:\/\/www.macsmto.fr\/en\/#\/schema\/logo\/image\/","url":"https:\/\/www.macsmto.fr\/wp-content\/uploads\/2024\/05\/macs-mto_logo-scaled.jpg","contentUrl":"https:\/\/www.macsmto.fr\/wp-content\/uploads\/2024\/05\/macs-mto_logo-scaled.jpg","width":2560,"height":1798,"caption":"Mus\u00e9e d\u2019Art et de Culture Soufis MTO\u00ae"},"image":{"@id":"https:\/\/www.macsmto.fr\/en\/#\/schema\/logo\/image\/"},"sameAs":["https:\/\/www.facebook.com\/macsmto\/","https:\/\/www.instagram.com\/macsmto\/","https:\/\/www.linkedin.com\/company\/macsmto\/"]}]}},"_links":{"self":[{"href":"https:\/\/www.macsmto.fr\/en\/wp-json\/wp\/v2\/artist\/2734","targetHints":{"allow":["GET"]}}],"collection":[{"href":"https:\/\/www.macsmto.fr\/en\/wp-json\/wp\/v2\/artist"}],"about":[{"href":"https:\/\/www.macsmto.fr\/en\/wp-json\/wp\/v2\/types\/artist"}],"author":[{"embeddable":true,"href":"https:\/\/www.macsmto.fr\/en\/wp-json\/wp\/v2\/users\/3"}],"version-history":[{"count":9,"href":"https:\/\/www.macsmto.fr\/en\/wp-json\/wp\/v2\/artist\/2734\/revisions"}],"predecessor-version":[{"id":4227,"href":"https:\/\/www.macsmto.fr\/en\/wp-json\/wp\/v2\/artist\/2734\/revisions\/4227"}],"wp:featuredmedia":[{"embeddable":true,"href":"https:\/\/www.macsmto.fr\/en\/wp-json\/wp\/v2\/media\/2081"}],"wp:attachment":[{"href":"https:\/\/www.macsmto.fr\/en\/wp-json\/wp\/v2\/media?parent=2734"}],"curies":[{"name":"wp","href":"https:\/\/api.w.org\/{rel}","templated":true}]}}