{"id":2736,"date":"2024-06-14T11:40:03","date_gmt":"2024-06-14T09:40:03","guid":{"rendered":"https:\/\/www.macsmto.fr\/artistes\/bianca-bondi\/"},"modified":"2024-09-12T17:56:02","modified_gmt":"2024-09-12T15:56:02","slug":"bianca-bondi","status":"publish","type":"artist","link":"https:\/\/www.macsmto.fr\/en\/artistes\/bianca-bondi\/","title":{"rendered":"Bianca Bondi"},"content":{"rendered":"<div class=\"intro__wrapper  \" >\n\t<div class=\"intro container container--full\n\t\t\t\t\t\t\t\t\t\t\t\t\t\t\t\t  is-white  is-overlay-black  \t\t\t\t\t\t\t\t\t\t\t\t\t\t       \" style=\"--overlay: 50; --bc-color: white;\">\n\t\t<div class=\"intro__wrapper container container--large container--vspace \">\n\n\t\t\t\t\t\t\t  <div class=\"breadcrumb intro__breadcrumb\">\n    <span><span><a href=\"https:\/\/www.macsmto.fr\/en\/\">Home<\/a><\/span><\/span>\n  <\/div>\n\t\t\t\n\t\t\t\n\t\t\t<div class=\"intro__inside container\">\n\t\t\t\t\t\t\t\t\t<div class=\"intro__titre h1 notag  \">\n\t\t\t\t\t\t<h1>Bianca Bondi<\/h1>\n\t\t\t\t\t<\/div>\n\t\t\t\t\t\t\t\t\t\t\t\t\t\t\t\t\n\t\t\t\t\t\t\t<\/div>\n\t\t<\/div>\n\t\t\t<\/div>\n\t\t\t<span class=\"shape shape--sep-1 intro__shape\"><span class=\"shape__inside\"><svg fill=\"currentColor\" preserveAspectRatio=\"none\" height=\"67\" viewBox=\"0 0 1680 67\" width=\"1680\" xmlns=\"http:\/\/www.w3.org\/2000\/svg\"><path d=\"m182.339 32.1833h1315.321c78.31 0 137.76-13.9399 182.34-32.18337344l-1680 .00008918.0000029 66.28138426c44.5788971-19.5874 104.0299971-34.0981 182.3389971-34.0981z\" fill=\"currentColor\"\/><\/svg><\/span><\/span>\n\t\n\n\t<\/div>\n\n\n<div class=\"full-wysiwyg\" >\n\t<div class=\"full-wysiwyg__inside container container--vspace container--md-boxed grid-infos-content\">\n\t\t\t\t\t<div class=\"infos full-wysiwyg__infos\">\n      <div class=\"infos__titre h2 notag\">\n      <h2>Between the visible &#038; the invisible<\/h2>\n    <\/div>\n    <ul class=\"reset-list infos__liste\">\n      <\/ul>\n\n    <\/div>\n\t\t\t\t<div class=\"full-wysiwyg__texte wysiwyg\">\n\t\t\t\t\t\t<div id=\"attachment_2210\" style=\"width: 1034px\" class=\"wp-caption alignnone\"><img loading=\"lazy\" decoding=\"async\" aria-describedby=\"caption-attachment-2210\" class=\"wp-image-2210 size-full\" src=\"https:\/\/www.macsmto.fr\/wp-content\/uploads\/2024\/06\/bianca-bondi-credit-etienne-rougery-herbaut-macs-mto-1.jpg\" alt=\"Portrait de Bianca Bondi par Etienne Rougery-Herbaut\" width=\"1024\" height=\"769\" srcset=\"https:\/\/www.macsmto.fr\/wp-content\/uploads\/2024\/06\/bianca-bondi-credit-etienne-rougery-herbaut-macs-mto-1.jpg 1024w, https:\/\/www.macsmto.fr\/wp-content\/uploads\/2024\/06\/bianca-bondi-credit-etienne-rougery-herbaut-macs-mto-1-300x225.jpg 300w, https:\/\/www.macsmto.fr\/wp-content\/uploads\/2024\/06\/bianca-bondi-credit-etienne-rougery-herbaut-macs-mto-1-768x577.jpg 768w, https:\/\/www.macsmto.fr\/wp-content\/uploads\/2024\/06\/bianca-bondi-credit-etienne-rougery-herbaut-macs-mto-1-600x451.jpg 600w\" sizes=\"auto, (max-width: 1024px) 100vw, 1024px\" \/><p id=\"caption-attachment-2210\" class=\"wp-caption-text\">Photo: Etienne Rougery-Herbaut<\/p><\/div>\n<p><span style=\"font-weight: 400;\">The work of <\/span><b>Bianca Bondi<\/b><span style=\"font-weight: 400;\"> (South Africa, 1989) stands on the threshold of several worlds, revealing the intangible connections between the visible (nature, the living, the sensory experiences provoked by her installations, the chemical phenomena that transform matter) and the invisible (the idea of rituals drawn from mysticism and non-Western sources of knowledge).<\/span><\/p>\n<p><span style=\"font-weight: 400;\">She creates dreamlike installations that are tailored to each exhibition space, unveiling the transformative potential at work in every manifestation of the living.<\/span><\/p>\n\n\t\t\t\t\t<\/div>\n\t<\/div>\n<\/div>\n\n\n<div class=\"container separateur container--md-boxed\"\n  >\n  <hr \/>\n<\/div>\n\n\n<div class=\"container container--vspace container--md-boxed push\"\n  >\n        \n  <ul class=\"reset-list push__grid\">\n    \n              \n          <li>\n                  <a class=\"card-push btn-wrapper  text-shadow  \" target=\"_self\" href=\"https:\/\/www.macsmto.fr\/en\/visit\/\">\n  <span class=\"card-push__content\">\n        <strong class=\"card-push__title\">Prepare your visit<\/strong>\n    <span class=\"btn  btn--rounded  btn--primary-hover-white \">\n      <span class=\"icon \"><svg viewBox=\"0 0 30 30\" aria-hidden=\"true\" focusable=\"false\" tabindex=\"-1\" class=\"icon-svg\"><use xlink:href=\"#icon-arrow-right\"><\/use><\/svg><\/span>\n    <\/span>\n  <\/span>\n      <img decoding=\"async\" class=\"img-full img-cover anim-transform\"\n    src=\"https:\/\/www.macsmto.fr\/wp-content\/uploads\/2024\/04\/2dba41e90e0e02d7037ec10e9b3b2321-600x400.jpg\"\n    loading=\"lazy\"\n    alt=\"\" \/>\n  <\/a>\n              <\/li>\n          <li>\n                  <a class=\"card-push btn-wrapper  text-shadow  \" target=\"_self\" href=\"https:\/\/www.macsmto.fr\/en\/about\/\">\n  <span class=\"card-push__content\">\n        <strong class=\"card-push__title\">Explore the museum<\/strong>\n    <span class=\"btn  btn--rounded  btn--primary-hover-white \">\n      <span class=\"icon \"><svg viewBox=\"0 0 30 30\" aria-hidden=\"true\" focusable=\"false\" tabindex=\"-1\" class=\"icon-svg\"><use xlink:href=\"#icon-arrow-right\"><\/use><\/svg><\/span>\n    <\/span>\n  <\/span>\n      <img decoding=\"async\" class=\"img-full img-cover anim-transform\"\n    src=\"https:\/\/www.macsmto.fr\/wp-content\/uploads\/2024\/07\/musee-macs-mto-chatou-vue-cour-facade-avant-600x400.jpg\"\n    loading=\"lazy\"\n    alt=\"\" \/>\n  <\/a>\n              <\/li>\n      <\/ul>\n<\/div>\n\n\n<div class=\"container separateur container--md-boxed\"\n  >\n  <hr \/>\n<\/div>\n","protected":false},"author":3,"featured_media":2211,"template":"","class_list":["post-2736","artist","type-artist","status-publish","has-post-thumbnail","hentry"],"acf":[],"yoast_head":"<!-- This site is optimized with the Yoast SEO plugin v27.4 - https:\/\/yoast.com\/product\/yoast-seo-wordpress\/ -->\n<title>Bianca Bondi - MACS MTO\u00ae<\/title>\n<meta name=\"description\" content=\"D\u00e9couvrez les \u0153uvres de Bianca Bondi \u00e0 l&#039;exposition &quot;Un Ciel int\u00e9rieur&quot; au MACS MTO, \u00e0 partir du 28 septembre 2024.\" \/>\n<meta name=\"robots\" content=\"index, follow, max-snippet:-1, max-image-preview:large, max-video-preview:-1\" \/>\n<link rel=\"canonical\" href=\"https:\/\/www.macsmto.fr\/en\/artistes\/bianca-bondi\/\" \/>\n<meta property=\"og:locale\" content=\"en_US\" \/>\n<meta property=\"og:type\" content=\"article\" \/>\n<meta property=\"og:title\" content=\"Bianca Bondi - MACS MTO\u00ae\" \/>\n<meta property=\"og:description\" content=\"D\u00e9couvrez les \u0153uvres de Bianca Bondi \u00e0 l&#039;exposition &quot;Un Ciel int\u00e9rieur&quot; au MACS MTO, \u00e0 partir du 28 septembre 2024.\" \/>\n<meta property=\"og:url\" content=\"https:\/\/www.macsmto.fr\/en\/artistes\/bianca-bondi\/\" \/>\n<meta property=\"og:site_name\" content=\"Mus\u00e9e d&#039;art et de culture Soufis MTO\" \/>\n<meta property=\"article:publisher\" content=\"https:\/\/www.facebook.com\/macsmto\/\" \/>\n<meta property=\"article:modified_time\" content=\"2024-09-12T15:56:02+00:00\" \/>\n<meta property=\"og:image\" content=\"https:\/\/www.macsmto.fr\/wp-content\/uploads\/2024\/06\/bianca-bondi-credit-etienne-rougery-herbaut-macs-mto-1.jpg\" \/>\n\t<meta property=\"og:image:width\" content=\"1024\" \/>\n\t<meta property=\"og:image:height\" content=\"769\" \/>\n\t<meta property=\"og:image:type\" content=\"image\/jpeg\" \/>\n<meta name=\"twitter:card\" content=\"summary_large_image\" \/>\n<meta name=\"twitter:label1\" content=\"Est. reading time\" \/>\n\t<meta name=\"twitter:data1\" content=\"1 minute\" \/>\n<script type=\"application\/ld+json\" class=\"yoast-schema-graph\">{\"@context\":\"https:\\\/\\\/schema.org\",\"@graph\":[{\"@type\":\"WebPage\",\"@id\":\"https:\\\/\\\/www.macsmto.fr\\\/en\\\/artistes\\\/bianca-bondi\\\/\",\"url\":\"https:\\\/\\\/www.macsmto.fr\\\/en\\\/artistes\\\/bianca-bondi\\\/\",\"name\":\"Bianca Bondi - MACS MTO\u00ae\",\"isPartOf\":{\"@id\":\"https:\\\/\\\/www.macsmto.fr\\\/en\\\/#website\"},\"primaryImageOfPage\":{\"@id\":\"https:\\\/\\\/www.macsmto.fr\\\/en\\\/artistes\\\/bianca-bondi\\\/#primaryimage\"},\"image\":{\"@id\":\"https:\\\/\\\/www.macsmto.fr\\\/en\\\/artistes\\\/bianca-bondi\\\/#primaryimage\"},\"thumbnailUrl\":\"https:\\\/\\\/www.macsmto.fr\\\/wp-content\\\/uploads\\\/2024\\\/06\\\/bianca-bondi-credit-etienne-rougery-herbaut-macs-mto-1.jpg\",\"datePublished\":\"2024-06-14T09:40:03+00:00\",\"dateModified\":\"2024-09-12T15:56:02+00:00\",\"description\":\"D\u00e9couvrez les \u0153uvres de Bianca Bondi \u00e0 l'exposition \\\"Un Ciel int\u00e9rieur\\\" au MACS MTO, \u00e0 partir du 28 septembre 2024.\",\"breadcrumb\":{\"@id\":\"https:\\\/\\\/www.macsmto.fr\\\/en\\\/artistes\\\/bianca-bondi\\\/#breadcrumb\"},\"inLanguage\":\"en-US\",\"potentialAction\":[{\"@type\":\"ReadAction\",\"target\":[\"https:\\\/\\\/www.macsmto.fr\\\/en\\\/artistes\\\/bianca-bondi\\\/\"]}]},{\"@type\":\"ImageObject\",\"inLanguage\":\"en-US\",\"@id\":\"https:\\\/\\\/www.macsmto.fr\\\/en\\\/artistes\\\/bianca-bondi\\\/#primaryimage\",\"url\":\"https:\\\/\\\/www.macsmto.fr\\\/wp-content\\\/uploads\\\/2024\\\/06\\\/bianca-bondi-credit-etienne-rougery-herbaut-macs-mto-1.jpg\",\"contentUrl\":\"https:\\\/\\\/www.macsmto.fr\\\/wp-content\\\/uploads\\\/2024\\\/06\\\/bianca-bondi-credit-etienne-rougery-herbaut-macs-mto-1.jpg\",\"width\":1024,\"height\":769,\"caption\":\"Cr\u00e9dit photos : Etienne Rougery-Herbaut\"},{\"@type\":\"BreadcrumbList\",\"@id\":\"https:\\\/\\\/www.macsmto.fr\\\/en\\\/artistes\\\/bianca-bondi\\\/#breadcrumb\",\"itemListElement\":[{\"@type\":\"ListItem\",\"position\":1,\"name\":\"Home\",\"item\":\"https:\\\/\\\/www.macsmto.fr\\\/en\\\/\"},{\"@type\":\"ListItem\",\"position\":2,\"name\":\"Bianca Bondi\"}]},{\"@type\":\"WebSite\",\"@id\":\"https:\\\/\\\/www.macsmto.fr\\\/en\\\/#website\",\"url\":\"https:\\\/\\\/www.macsmto.fr\\\/en\\\/\",\"name\":\"Mus\u00e9e d\u2019Art et de Culture Soufis MTO\u00ae\",\"description\":\"MACS MTO\",\"publisher\":{\"@id\":\"https:\\\/\\\/www.macsmto.fr\\\/en\\\/#organization\"},\"alternateName\":\"MACS MTO\u00ae\",\"potentialAction\":[{\"@type\":\"SearchAction\",\"target\":{\"@type\":\"EntryPoint\",\"urlTemplate\":\"https:\\\/\\\/www.macsmto.fr\\\/en\\\/?s={search_term_string}\"},\"query-input\":{\"@type\":\"PropertyValueSpecification\",\"valueRequired\":true,\"valueName\":\"search_term_string\"}}],\"inLanguage\":\"en-US\"},{\"@type\":\"Organization\",\"@id\":\"https:\\\/\\\/www.macsmto.fr\\\/en\\\/#organization\",\"name\":\"Mus\u00e9e d\u2019Art et de Culture Soufis MTO\u00ae\",\"alternateName\":\"MACS MTO\u00ae\",\"url\":\"https:\\\/\\\/www.macsmto.fr\\\/en\\\/\",\"logo\":{\"@type\":\"ImageObject\",\"inLanguage\":\"en-US\",\"@id\":\"https:\\\/\\\/www.macsmto.fr\\\/en\\\/#\\\/schema\\\/logo\\\/image\\\/\",\"url\":\"https:\\\/\\\/www.macsmto.fr\\\/wp-content\\\/uploads\\\/2024\\\/05\\\/macs-mto_logo-scaled.jpg\",\"contentUrl\":\"https:\\\/\\\/www.macsmto.fr\\\/wp-content\\\/uploads\\\/2024\\\/05\\\/macs-mto_logo-scaled.jpg\",\"width\":2560,\"height\":1798,\"caption\":\"Mus\u00e9e d\u2019Art et de Culture Soufis MTO\u00ae\"},\"image\":{\"@id\":\"https:\\\/\\\/www.macsmto.fr\\\/en\\\/#\\\/schema\\\/logo\\\/image\\\/\"},\"sameAs\":[\"https:\\\/\\\/www.facebook.com\\\/macsmto\\\/\",\"https:\\\/\\\/www.instagram.com\\\/macsmto\\\/\",\"https:\\\/\\\/www.linkedin.com\\\/company\\\/macsmto\\\/\"]}]}<\/script>\n<!-- \/ Yoast SEO plugin. -->","yoast_head_json":{"title":"Bianca Bondi - MACS MTO\u00ae","description":"D\u00e9couvrez les \u0153uvres de Bianca Bondi \u00e0 l'exposition \"Un Ciel int\u00e9rieur\" au MACS MTO, \u00e0 partir du 28 septembre 2024.","robots":{"index":"index","follow":"follow","max-snippet":"max-snippet:-1","max-image-preview":"max-image-preview:large","max-video-preview":"max-video-preview:-1"},"canonical":"https:\/\/www.macsmto.fr\/en\/artistes\/bianca-bondi\/","og_locale":"en_US","og_type":"article","og_title":"Bianca Bondi - MACS MTO\u00ae","og_description":"D\u00e9couvrez les \u0153uvres de Bianca Bondi \u00e0 l'exposition \"Un Ciel int\u00e9rieur\" au MACS MTO, \u00e0 partir du 28 septembre 2024.","og_url":"https:\/\/www.macsmto.fr\/en\/artistes\/bianca-bondi\/","og_site_name":"Mus\u00e9e d&#039;art et de culture Soufis MTO","article_publisher":"https:\/\/www.facebook.com\/macsmto\/","article_modified_time":"2024-09-12T15:56:02+00:00","og_image":[{"width":1024,"height":769,"url":"https:\/\/www.macsmto.fr\/wp-content\/uploads\/2024\/06\/bianca-bondi-credit-etienne-rougery-herbaut-macs-mto-1.jpg","type":"image\/jpeg"}],"twitter_card":"summary_large_image","twitter_misc":{"Est. reading time":"1 minute"},"schema":{"@context":"https:\/\/schema.org","@graph":[{"@type":"WebPage","@id":"https:\/\/www.macsmto.fr\/en\/artistes\/bianca-bondi\/","url":"https:\/\/www.macsmto.fr\/en\/artistes\/bianca-bondi\/","name":"Bianca Bondi - MACS MTO\u00ae","isPartOf":{"@id":"https:\/\/www.macsmto.fr\/en\/#website"},"primaryImageOfPage":{"@id":"https:\/\/www.macsmto.fr\/en\/artistes\/bianca-bondi\/#primaryimage"},"image":{"@id":"https:\/\/www.macsmto.fr\/en\/artistes\/bianca-bondi\/#primaryimage"},"thumbnailUrl":"https:\/\/www.macsmto.fr\/wp-content\/uploads\/2024\/06\/bianca-bondi-credit-etienne-rougery-herbaut-macs-mto-1.jpg","datePublished":"2024-06-14T09:40:03+00:00","dateModified":"2024-09-12T15:56:02+00:00","description":"D\u00e9couvrez les \u0153uvres de Bianca Bondi \u00e0 l'exposition \"Un Ciel int\u00e9rieur\" au MACS MTO, \u00e0 partir du 28 septembre 2024.","breadcrumb":{"@id":"https:\/\/www.macsmto.fr\/en\/artistes\/bianca-bondi\/#breadcrumb"},"inLanguage":"en-US","potentialAction":[{"@type":"ReadAction","target":["https:\/\/www.macsmto.fr\/en\/artistes\/bianca-bondi\/"]}]},{"@type":"ImageObject","inLanguage":"en-US","@id":"https:\/\/www.macsmto.fr\/en\/artistes\/bianca-bondi\/#primaryimage","url":"https:\/\/www.macsmto.fr\/wp-content\/uploads\/2024\/06\/bianca-bondi-credit-etienne-rougery-herbaut-macs-mto-1.jpg","contentUrl":"https:\/\/www.macsmto.fr\/wp-content\/uploads\/2024\/06\/bianca-bondi-credit-etienne-rougery-herbaut-macs-mto-1.jpg","width":1024,"height":769,"caption":"Cr\u00e9dit photos : Etienne Rougery-Herbaut"},{"@type":"BreadcrumbList","@id":"https:\/\/www.macsmto.fr\/en\/artistes\/bianca-bondi\/#breadcrumb","itemListElement":[{"@type":"ListItem","position":1,"name":"Home","item":"https:\/\/www.macsmto.fr\/en\/"},{"@type":"ListItem","position":2,"name":"Bianca Bondi"}]},{"@type":"WebSite","@id":"https:\/\/www.macsmto.fr\/en\/#website","url":"https:\/\/www.macsmto.fr\/en\/","name":"Mus\u00e9e d\u2019Art et de Culture Soufis MTO\u00ae","description":"MACS MTO","publisher":{"@id":"https:\/\/www.macsmto.fr\/en\/#organization"},"alternateName":"MACS MTO\u00ae","potentialAction":[{"@type":"SearchAction","target":{"@type":"EntryPoint","urlTemplate":"https:\/\/www.macsmto.fr\/en\/?s={search_term_string}"},"query-input":{"@type":"PropertyValueSpecification","valueRequired":true,"valueName":"search_term_string"}}],"inLanguage":"en-US"},{"@type":"Organization","@id":"https:\/\/www.macsmto.fr\/en\/#organization","name":"Mus\u00e9e d\u2019Art et de Culture Soufis MTO\u00ae","alternateName":"MACS MTO\u00ae","url":"https:\/\/www.macsmto.fr\/en\/","logo":{"@type":"ImageObject","inLanguage":"en-US","@id":"https:\/\/www.macsmto.fr\/en\/#\/schema\/logo\/image\/","url":"https:\/\/www.macsmto.fr\/wp-content\/uploads\/2024\/05\/macs-mto_logo-scaled.jpg","contentUrl":"https:\/\/www.macsmto.fr\/wp-content\/uploads\/2024\/05\/macs-mto_logo-scaled.jpg","width":2560,"height":1798,"caption":"Mus\u00e9e d\u2019Art et de Culture Soufis MTO\u00ae"},"image":{"@id":"https:\/\/www.macsmto.fr\/en\/#\/schema\/logo\/image\/"},"sameAs":["https:\/\/www.facebook.com\/macsmto\/","https:\/\/www.instagram.com\/macsmto\/","https:\/\/www.linkedin.com\/company\/macsmto\/"]}]}},"_links":{"self":[{"href":"https:\/\/www.macsmto.fr\/en\/wp-json\/wp\/v2\/artist\/2736","targetHints":{"allow":["GET"]}}],"collection":[{"href":"https:\/\/www.macsmto.fr\/en\/wp-json\/wp\/v2\/artist"}],"about":[{"href":"https:\/\/www.macsmto.fr\/en\/wp-json\/wp\/v2\/types\/artist"}],"author":[{"embeddable":true,"href":"https:\/\/www.macsmto.fr\/en\/wp-json\/wp\/v2\/users\/3"}],"version-history":[{"count":4,"href":"https:\/\/www.macsmto.fr\/en\/wp-json\/wp\/v2\/artist\/2736\/revisions"}],"predecessor-version":[{"id":4232,"href":"https:\/\/www.macsmto.fr\/en\/wp-json\/wp\/v2\/artist\/2736\/revisions\/4232"}],"wp:featuredmedia":[{"embeddable":true,"href":"https:\/\/www.macsmto.fr\/en\/wp-json\/wp\/v2\/media\/2211"}],"wp:attachment":[{"href":"https:\/\/www.macsmto.fr\/en\/wp-json\/wp\/v2\/media?parent=2736"}],"curies":[{"name":"wp","href":"https:\/\/api.w.org\/{rel}","templated":true}]}}