{"id":2757,"date":"2024-04-05T15:32:18","date_gmt":"2024-04-05T13:32:18","guid":{"rendered":"https:\/\/www.macsmto.fr\/expositions\/un-ciel-interieur\/"},"modified":"2025-04-18T11:34:23","modified_gmt":"2025-04-18T09:34:23","slug":"un-ciel-interieur","status":"publish","type":"exhibitions","link":"https:\/\/www.macsmto.fr\/en\/expositions\/un-ciel-interieur\/","title":{"rendered":"Un Ciel int\u00e9rieur"},"content":{"rendered":"<div class=\"intro-exposition__wrapper\" >\n  <div class=\"intro-exposition container container--full is-default  is-overlay-black \"\n    style=\"--overlay: 10;  --bc-color: white;\">\n    <div class=\"intro-exposition__wrapper container container--large container--vspace\">\n        <div class=\"breadcrumb intro-exposition__breadcrumb\">\n    <span><span><a href=\"https:\/\/www.macsmto.fr\/en\/\">Home<\/a><\/span> <span class=\"icon bc-sep\"><svg viewBox=\"0 0 30 30\" aria-hidden=\"true\" focusable=\"false\" tabindex=\"-1\" class=\"icon-svg\"><use xlink:href=\"#icon-chevron\"><\/use><\/svg><\/span> <span><a href=\"https:\/\/www.macsmto.fr\/expositions\/\">Exhibitions<\/a><\/span><\/span>\n  <\/div>\n\n      <div class=\"intro-exposition__inside container\">\n        <div class=\"intro-exposition__content\">\n          <small class=\"title-like\">Exhibition<\/small>\n          <div class=\"intro-exposition__titre h1 notag\">\n            <h1><\/h1>\n          <\/div>\n          <span class=\"intro-exposition__dates\">\n            \n          <\/span>\n        <\/div>\n\n              <\/div>\n    <\/div>\n          <img decoding=\"async\" class=\"intro-exposition__image img-cover img-full\"\n        src=\"https:\/\/www.macsmto.fr\/wp-content\/uploads\/2024\/04\/musee_art_culture_soufis_mto_bianca-bondi_la-clef-d-huitre-1680x1120.jpeg\"\n        loading=\"lazy\"\n        alt=\"\" \/>\n      <\/div>\n<\/div>\n\n\n<div class=\"full-wysiwyg\"  id=\"intro\" >\n\t<div class=\"full-wysiwyg__inside container container--vspace container--md-boxed grid-infos-content\">\n\t\t\t\t\t<div class=\"infos full-wysiwyg__infos\">\n      <div class=\"infos__titre h2 notag\">\n      <h2>A few words about the exhibition<\/h2>\n    <\/div>\n    <ul class=\"reset-list infos__liste\">\n      <\/ul>\n\n    <\/div>\n\t\t\t\t<div class=\"full-wysiwyg__texte wysiwyg\">\n\t\t\t\t\t\t<p>This first MACS MTO\u00ae exhibition, Un Ciel int\u00e9rieur, borrows its title from Henry Corbin, philosopher and Sufi scholar, to evoke the inner journey of the Sufi in his or her spiritual journey. It sheds light on the quest to reach the divine essence present in every experience that is at once intimate, universal and timeless.<\/p>\n<p>Un Ciel int\u00e9rieur invites us, through art, to experience this journey towards spiritual elevation, offering the keys to an encounter with Sufism. The exhibition follows a path that creates a dialogue between symbolic objects linked to Sufi art and culture, and works by contemporary artists from the Middle East, Asia, Africa, North America and Europe.<br \/>\nAcross generations and geographical borders, these encounters underline the universality and continuity of this inner quest.<\/p>\n<p><span class=\"s1\">With <\/span><a href=\"https:\/\/www.macsmto.fr\/en\/monir-shahroudy-farmanfarmaian\/\"><span class=\"s1\">Monir Shahroudy Farmanfarmaian<\/span><\/a>, <a href=\"https:\/\/www.macsmto.fr\/en\/artistes\/pinaree-sanpitak\/\"><span class=\"s1\">Pinaree Sanpitak<\/span><\/a>, <a href=\"https:\/\/www.macsmto.fr\/en\/artistes\/younes-rahmoun\/\"><span class=\"s1\">Younes Rahmoun<\/span><\/a>, <a href=\"https:\/\/www.macsmto.fr\/en\/seffa-klein\/\"><span class=\"s1\">Seffa <\/span>Klein<\/a>, <a href=\"https:\/\/www.macsmto.fr\/en\/activites\/salon-soufi-troy-makaza-2\/troy-makaza\/\"><span class=\"s1\">Troy Makaza<\/span><\/a>, <a href=\"https:\/\/www.macsmto.fr\/en\/artistes\/chloe-quenum\/\"><span class=\"s1\">Chlo\u00e9 Quenum<\/span><\/a>, and <a href=\"https:\/\/www.macsmto.fr\/en\/artistes\/bianca-bondi\/\"><span class=\"s1\">Bianca Bondi<\/span><\/a>.<\/p>\n<ul>\n<li style=\"list-style-type: none;\">\n<ul>\n<li style=\"list-style-type: none;\">\n<ul>\n<li><strong>Scenography:<\/strong> Atelier Maciej Fiszer<\/li>\n<li><strong>Lighting:<\/strong> Hi Lighting Design \/ Ithaque<\/li>\n<li><strong>Graphic Design:<\/strong> CL Design \/ CVO<\/li>\n<li><strong>Display Stands:<\/strong> Le Socle<\/li>\n<li><strong>Architecture:<\/strong> Ducatillon Gimel Architecture<\/li>\n<li><strong>Mediation :<\/strong> R\u00e9ciproque<\/li>\n<\/ul>\n<\/li>\n<\/ul>\n<\/li>\n<\/ul>\n\n\t\t\t\t\t<\/div>\n\t<\/div>\n<\/div>\n\n\n<div class=\"slider\" >\n  <div class=\"slider__inside container container--vspace container--md-boxed grid-infos-content\">\n    <div class=\"infos slider__infos\">\n    <ul class=\"reset-list infos__liste\">\n      <\/ul>\n\n    <\/div>\n    <div class=\"slider__content\">\n      <div class=\"slider__elements splide\"\n        data-controller=\"module_slider\"\n        role=\"group\">\n        <div class=\"splide__track\">\n          <ul class=\"splide__list\">\n                                                      <li class=\"splide__slide\">\n                  <div class=\"slider__elements-item\">\n                    <figure class=\"media btn-wrapper texte-image__media\">\n  <a  class=\"media__image lightbox\" data-type=\"html\" data-group=\"slide-group-69f00e331cf68\" data-target=\"#media-id-69f00e331d408\" href=\"#media-id-69f00e331d408\"  >\n    <img decoding=\"async\" class=\"img-cover anim-transform img-cover img-full\"\n      src=\"https:\/\/www.macsmto.fr\/wp-content\/uploads\/2024\/04\/musee-macs-mto-chatou-un-ciel-interieur-younes-rahmoun-markib-habba-1024x768.jpg\"\n      loading=\"lazy\"\n      alt=\"\" \/>\n\n       \n  <\/a>\n\n\n        <figcaption class=\"media__legende\">\n      Younes Rahmoun, Markib-Habba (Boat-Seed), 2024\n    <\/figcaption>\n  <\/figure>\n\n<div class=\"is-hidden\">\n  <div class=\"media-modal theme-\" id=\"media-id-69f00e331d408\">\n    <div class=\"media-modal__inside\">\n      <div class=\"media-modal__item   \">\n         \n          <img decoding=\"async\" src=\"https:\/\/www.macsmto.fr\/wp-content\/uploads\/2024\/04\/musee-macs-mto-chatou-un-ciel-interieur-younes-rahmoun-markib-habba-1680x1260.jpg\" loading=\"lazy\" alt=\"\" \/>\n          \n      <\/div>\n              <div class=\"media-modal__btns\">\n          <button data-action=\"prev\" class=\"btn btn--primary btn--rounded\"\n            type=\"button\"\n            aria-label=\"pr\u00e9c\u00e9dent\">\n            <span class=\"icon \"><svg viewBox=\"0 0 30 30\" aria-hidden=\"true\" focusable=\"false\" tabindex=\"-1\" class=\"icon-svg\"><use xlink:href=\"#icon-arrow-right\"><\/use><\/svg><\/span>\n          <\/button>\n          <button data-action=\"next\"  class=\"btn btn--primary btn--rounded\"\n            type=\"button\"\n            aria-label=\"suivant\">\n            <span class=\"icon \"><svg viewBox=\"0 0 30 30\" aria-hidden=\"true\" focusable=\"false\" tabindex=\"-1\" class=\"icon-svg\"><use xlink:href=\"#icon-arrow-right\"><\/use><\/svg><\/span>\n          <\/button>\n        <\/div>\n                    <div class=\"media-modal__legend\">Younes Rahmoun, Markib-Habba (Boat-Seed), 2024<\/div>\n          <\/div>\n    <button data-action=\"close\" class=\"media-modal__close btn btn--primary btn--rounded\"\n        type=\"button\"\n        aria-label=\"Fermer\">\n        <span class=\"icon \"><svg viewBox=\"0 0 30 30\" aria-hidden=\"true\" focusable=\"false\" tabindex=\"-1\" class=\"icon-svg\"><use xlink:href=\"#icon-close\"><\/use><\/svg><\/span>\n      <\/button>\n    <button data-action=\"close\" class=\"media-modal__overlay\" type=\"button\" aria-label=\"Fermer\"><\/button>\n  <\/div>\n<\/div>\n\n                  <\/div>\n                <\/li>\n                                                        <li class=\"splide__slide\">\n                  <div class=\"slider__elements-item\">\n                    <figure class=\"media btn-wrapper texte-image__media\">\n  <a  class=\"media__image lightbox\" data-type=\"html\" data-group=\"slide-group-69f00e331cf68\" data-target=\"#media-id-69f00e331d913\" href=\"#media-id-69f00e331d913\"  >\n    <img decoding=\"async\" class=\"img-cover anim-transform img-cover img-full\"\n      src=\"https:\/\/www.macsmto.fr\/wp-content\/uploads\/2024\/04\/seffa-klein_new-stream-2019_un-ciel-interieur_macs-mto-1-1024x764.jpg\"\n      loading=\"lazy\"\n      alt=\"\" \/>\n\n       \n  <\/a>\n\n\n        <figcaption class=\"media__legende\">\n      Seffa Klein, New Stream, 2019\n    <\/figcaption>\n  <\/figure>\n\n<div class=\"is-hidden\">\n  <div class=\"media-modal theme-\" id=\"media-id-69f00e331d913\">\n    <div class=\"media-modal__inside\">\n      <div class=\"media-modal__item   \">\n         \n          <img decoding=\"async\" src=\"https:\/\/www.macsmto.fr\/wp-content\/uploads\/2024\/04\/seffa-klein_new-stream-2019_un-ciel-interieur_macs-mto-1-1680x1253.jpg\" loading=\"lazy\" alt=\"\" \/>\n          \n      <\/div>\n              <div class=\"media-modal__btns\">\n          <button data-action=\"prev\" class=\"btn btn--primary btn--rounded\"\n            type=\"button\"\n            aria-label=\"pr\u00e9c\u00e9dent\">\n            <span class=\"icon \"><svg viewBox=\"0 0 30 30\" aria-hidden=\"true\" focusable=\"false\" tabindex=\"-1\" class=\"icon-svg\"><use xlink:href=\"#icon-arrow-right\"><\/use><\/svg><\/span>\n          <\/button>\n          <button data-action=\"next\"  class=\"btn btn--primary btn--rounded\"\n            type=\"button\"\n            aria-label=\"suivant\">\n            <span class=\"icon \"><svg viewBox=\"0 0 30 30\" aria-hidden=\"true\" focusable=\"false\" tabindex=\"-1\" class=\"icon-svg\"><use xlink:href=\"#icon-arrow-right\"><\/use><\/svg><\/span>\n          <\/button>\n        <\/div>\n                    <div class=\"media-modal__legend\">Seffa Klein, New Stream, 2019<\/div>\n          <\/div>\n    <button data-action=\"close\" class=\"media-modal__close btn btn--primary btn--rounded\"\n        type=\"button\"\n        aria-label=\"Fermer\">\n        <span class=\"icon \"><svg viewBox=\"0 0 30 30\" aria-hidden=\"true\" focusable=\"false\" tabindex=\"-1\" class=\"icon-svg\"><use xlink:href=\"#icon-close\"><\/use><\/svg><\/span>\n      <\/button>\n    <button data-action=\"close\" class=\"media-modal__overlay\" type=\"button\" aria-label=\"Fermer\"><\/button>\n  <\/div>\n<\/div>\n\n                  <\/div>\n                <\/li>\n                                    <\/ul>\n\n          <div class=\"splide__arrows splide__arrows--ltr\">\n            <button class=\"splide__arrow splide__arrow--prev btn btn--primary btn--rounded\"\n              type=\"button\"\n              aria-label=\"pr\u00e9c\u00e9dent\">\n              <span class=\"icon \"><svg viewBox=\"0 0 30 30\" aria-hidden=\"true\" focusable=\"false\" tabindex=\"-1\" class=\"icon-svg\"><use xlink:href=\"#icon-arrow-right\"><\/use><\/svg><\/span>\n            <\/button>\n            <button class=\"splide__arrow splide__arrow--next btn btn--primary btn--rounded\"\n              type=\"button\"\n              aria-label=\"suivant\">\n              <span class=\"icon \"><svg viewBox=\"0 0 30 30\" aria-hidden=\"true\" focusable=\"false\" tabindex=\"-1\" class=\"icon-svg\"><use xlink:href=\"#icon-arrow-right\"><\/use><\/svg><\/span>\n            <\/button>\n          <\/div>\n        <\/div>\n      <\/div>\n    <\/div>\n  <\/div>\n<\/div>\n\n\n<div class=\"full-wysiwyg\" >\n\t<div class=\"full-wysiwyg__inside container container--vspace container--md-boxed grid-infos-content\">\n\t\t\t\t\t<div class=\"infos full-wysiwyg__infos\">\n    <ul class=\"reset-list infos__liste\">\n      <\/ul>\n\n    <\/div>\n\t\t\t\t<div class=\"full-wysiwyg__texte wysiwyg\">\n\t\t\t\t\t\t<p>The exhibition itself reflects this spiritual and human experience, highlighting the symbolic dimension of Sufism, the unique way in which its teachings are transmitted, and the practices and creations that are the expression of this journey. Echoing contemporary creations by<a href=\"https:\/\/www.macsmto.fr\/en\/monir-shahroudy-farmanfarmaian\/\"><span class=\"s1\">\u00a0Monir Shahroudy Farmanfarmaian<\/span><\/a>, <a href=\"https:\/\/www.macsmto.fr\/en\/artistes\/pinaree-sanpitak\/\"><span class=\"s1\">Pinaree Sanpitak<\/span><\/a>, <a href=\"https:\/\/www.macsmto.fr\/en\/artistes\/younes-rahmoun\/\"><span class=\"s1\">Younes Rahmoun<\/span><\/a>, <a href=\"https:\/\/www.macsmto.fr\/en\/seffa-klein\/\"><span class=\"s1\">Seffa <\/span>Klein<\/a>, <a href=\"https:\/\/www.macsmto.fr\/en\/activites\/salon-soufi-troy-makaza-2\/troy-makaza\/\"><span class=\"s1\">Troy Makaza<\/span><\/a>,<a href=\"https:\/\/www.macsmto.fr\/en\/activites\/salon-soufi-troy-makaza-2\/troy-makaza\/\"><span class=\"s1\">Troy Makaza<\/span><\/a>, <a href=\"https:\/\/www.macsmto.fr\/en\/artistes\/chloe-quenum\/\"><span class=\"s1\">Chlo\u00e9 Quenum<\/span><\/a> and <a href=\"https:\/\/www.macsmto.fr\/en\/artistes\/bianca-bondi\/\"><span class=\"s1\">Bianca Bondi<\/span><\/a>, this exploration of the museum&#8217;s three floors and garden takes on a sensory dimension that invites contemplation and introspection.<\/p>\n<p><span class=\"more-link\">Read more<\/span><\/p><p><\/p>\n<p>The exhibition route is conceived as an upward journey through the museum&#8217;s architecture. It takes visitors on an inner exploration of the body, mind and spirit (the heart), all threads that invite them to connect symbolically with the earth, sky and cosmos, in an upward movement towards their inner sky.<\/p>\n<p>The symbolism of geometric figures, recurrent in Sufi art and culture, is echoed in the mirror mosaic sculptures and drawings of <a href=\"https:\/\/www.macsmto.fr\/monir-shahroudy-farmanfarmaian\/\">Monir Shahroudy Farmanfarmaian<\/a>.<\/p>\n<p>It also resonates with the vibrant, protean works of <a href=\"https:\/\/www.macsmto.fr\/seffa-klein\/\">Seffa Klein<\/a>, who draws her many references from Sufism, as well as from many forms of spirituality and wisdom, astrophysics, cosmology and nature.<\/p>\n<p><a href=\"https:\/\/www.macsmto.fr\/artistes\/bianca-bondi\/\">Bianca Bondi<\/a>&#8216;s work lies at the edge of several worlds, seeking to reveal the intangible links that exist between the visible (nature, the living, the sensory experiences summoned through her installations and the chemical phenomena that transform matter) and the invisible (the idea of rituals drawn from various forms of mysticism and non-Western sources of knowledge).<\/p>\n<p><a href=\"https:\/\/www.macsmto.fr\/artistes\/pinaree-sanpitak\/\">Pinaree Sanpitak<\/a> has created a new series of paintings that resonate with the collection&#8217;s kashk\u016bl &#8211; a container symbolizing the emptiness required to receive divine knowledge. In these abstract paintings, she depicts the female body and its links with the symbolic and spiritual dimensions of these receptacles.<\/p>\n<p><a href=\"https:\/\/www.macsmto.fr\/artistes\/younes-rahmoun\/\">Younes Rahmoun<\/a>&#8216;s works are rooted in a conception of the world rooted in the principles of Sufism. They materialize inner experience and give form to the imperceptible, such as awakening and spirit. The house, a universal motif, is a recurring theme in his work. Depicted in three sculptures in the exhibition, it symbolizes the intimate place from which the individual finds his or her place in the world. A new work created by <a href=\"https:\/\/www.macsmto.fr\/artistes\/younes-rahmoun\/\">Younes Rahmoun<\/a> for <strong>Un Ciel int\u00e9rieur<\/strong>, Markib-Habba (Barque-Graine) revolves around the barque &#8211; symbol of the spiritual voyage &#8211; and the seed &#8211; source of life and place where the soul resides.<\/p>\n<p><a href=\"https:\/\/www.macsmto.fr\/artistes\/chloe-quenum\/\">Chlo\u00e9 Quenum<\/a> translates three words linked to Sufi thought &#8211; saf\u0101 (clarity, limpidity), sam\u0101&#8217; (spiritual listening), s\u016bf (wool) &#8211; into a variation of blown-glass letters, offering a subtle, poetic meditation on language and its profound symbolism.<\/p>\n<p>Finally, <a href=\"https:\/\/www.macsmto.fr\/en\/activites\/salon-soufi-troy-makaza-2\/troy-makaza\/\">Troy Makaza<\/a> creates a new work that unfolds around the notion of transition and travel between the physical world and spirituality. It evokes a territory in perpetual transformation, in the image of geographical maps that offer an ever-changing representation of the world. This work brings the exhibition and catalog to a close, as an invitation to extend them by following one&#8217;s own path.<\/p>\n<p>From September 28, 2024 to April 6, 2025, from the autumn equinox to the spring equinox, <strong>Un Ciel int\u00e9rieur<\/strong> is set in a temporality that introduces a cyclical and evolutionary element &#8211; the cycle of the sun and stars, following the manifestations of life from one season to the next &#8211; not unlike the characteristics of the Sufi&#8217;s inner path.<\/p>\n\n\t\t\t\t\t<\/div>\n\t<\/div>\n<\/div>\n\n\n<div class=\"container container--vspace container--md-boxed push\"\n  >\n        <div class=\"title-text push__title-text\" >\n          <div class=\"title-text__title h2 notag\">\n        <h2>More information<\/h2>\n      <\/div>\n          <\/div>\n  \n  <ul class=\"reset-list push__grid\">\n    \n              \n          <li>\n                  <a class=\"card-push btn-wrapper  text-shadow  \" target=\"_self\" href=\"https:\/\/www.macsmto.fr\/en\/visit\/groups-and-school-groups\/\">\n  <span class=\"card-push__content\">\n        <strong class=\"card-push__title\">Groups and school groups<\/strong>\n    <span class=\"btn  btn--rounded  btn--primary-hover-white \">\n      <span class=\"icon \"><svg viewBox=\"0 0 30 30\" aria-hidden=\"true\" focusable=\"false\" tabindex=\"-1\" class=\"icon-svg\"><use xlink:href=\"#icon-arrow-right\"><\/use><\/svg><\/span>\n    <\/span>\n  <\/span>\n      <img decoding=\"async\" class=\"img-full img-cover anim-transform\"\n    src=\"https:\/\/www.macsmto.fr\/wp-content\/uploads\/2024\/08\/musee-macs-mto-chatou-jeune-public-557x600.jpg\"\n    loading=\"lazy\"\n    alt=\"scolaires\" \/>\n  <\/a>\n              <\/li>\n          <li>\n                                        <a class=\"card-push btn-wrapper  text-shadow  \" target=\"_self\" href=\"https:\/\/www.macsmto.fr\/en\/themes\/garden-fountain\/\">\n  <span class=\"card-push__content\">\n        <strong class=\"card-push__title\">Garden, Fountain<\/strong>\n    <span class=\"btn  btn--rounded  btn--primary-hover-white \">\n      <span class=\"icon \"><svg viewBox=\"0 0 30 30\" aria-hidden=\"true\" focusable=\"false\" tabindex=\"-1\" class=\"icon-svg\"><use xlink:href=\"#icon-arrow-right\"><\/use><\/svg><\/span>\n    <\/span>\n  <\/span>\n      <img decoding=\"async\" class=\"img-full img-cover anim-transform\"\n    src=\"https:\/\/www.macsmto.fr\/wp-content\/uploads\/2024\/05\/garden-flowers-and-plants-detail-images-4l1a5538-laurent-edeline_1-600x400.jpeg\"\n    loading=\"lazy\"\n    alt=\"\" \/>\n  <\/a>\n                        <\/li>\n      <\/ul>\n<\/div>\n\n\n<div class=\"container separateur container--md-boxed\"\n  >\n  <hr \/>\n<\/div>\n","protected":false},"author":2,"featured_media":2930,"template":"","class_list":["post-2757","exhibitions","type-exhibitions","status-publish","has-post-thumbnail","hentry"],"acf":[],"yoast_head":"<!-- This site is optimized with the Yoast SEO plugin v27.4 - https:\/\/yoast.com\/product\/yoast-seo-wordpress\/ -->\n<title>Exposition Un Ciel int\u00e9rieur - MACS MTO\u00ae<\/title>\n<meta name=\"description\" content=\"From 28 September 2024 to 6 April 2025, discover Un Ciel int\u00e9rieur, the first exhibition at the MACS MTO\u2122 in Chatou.\" \/>\n<meta name=\"robots\" content=\"index, follow, max-snippet:-1, max-image-preview:large, max-video-preview:-1\" \/>\n<link rel=\"canonical\" href=\"https:\/\/www.macsmto.fr\/en\/expositions\/un-ciel-interieur\/\" \/>\n<meta property=\"og:locale\" content=\"en_US\" \/>\n<meta property=\"og:type\" content=\"article\" \/>\n<meta property=\"og:title\" content=\"Exposition Un Ciel int\u00e9rieur - MACS MTO\u00ae\" \/>\n<meta property=\"og:description\" content=\"From 28 September 2024 to 6 April 2025, discover Un Ciel int\u00e9rieur, the first exhibition at the MACS MTO\u2122 in Chatou.\" \/>\n<meta property=\"og:url\" content=\"https:\/\/www.macsmto.fr\/en\/expositions\/un-ciel-interieur\/\" \/>\n<meta property=\"og:site_name\" content=\"Mus\u00e9e d&#039;art et de culture Soufis MTO\" \/>\n<meta property=\"article:publisher\" content=\"https:\/\/www.facebook.com\/macsmto\/\" \/>\n<meta property=\"article:modified_time\" content=\"2025-04-18T09:34:23+00:00\" \/>\n<meta property=\"og:image\" content=\"https:\/\/www.macsmto.fr\/wp-content\/uploads\/2024\/04\/musee_art_culture_soufis_mto_bianca-bondi_la-clef-d-huitre-scaled.jpeg\" \/>\n\t<meta property=\"og:image:width\" content=\"2560\" \/>\n\t<meta property=\"og:image:height\" content=\"1707\" \/>\n\t<meta property=\"og:image:type\" content=\"image\/jpeg\" \/>\n<meta name=\"twitter:card\" content=\"summary_large_image\" \/>\n<meta name=\"twitter:label1\" content=\"Est. reading time\" \/>\n\t<meta name=\"twitter:data1\" content=\"5 minutes\" \/>\n<script type=\"application\/ld+json\" class=\"yoast-schema-graph\">{\"@context\":\"https:\\\/\\\/schema.org\",\"@graph\":[{\"@type\":\"WebPage\",\"@id\":\"https:\\\/\\\/www.macsmto.fr\\\/en\\\/expositions\\\/un-ciel-interieur\\\/\",\"url\":\"https:\\\/\\\/www.macsmto.fr\\\/en\\\/expositions\\\/un-ciel-interieur\\\/\",\"name\":\"Exposition Un Ciel int\u00e9rieur - MACS MTO\u00ae\",\"isPartOf\":{\"@id\":\"https:\\\/\\\/www.macsmto.fr\\\/en\\\/#website\"},\"primaryImageOfPage\":{\"@id\":\"https:\\\/\\\/www.macsmto.fr\\\/en\\\/expositions\\\/un-ciel-interieur\\\/#primaryimage\"},\"image\":{\"@id\":\"https:\\\/\\\/www.macsmto.fr\\\/en\\\/expositions\\\/un-ciel-interieur\\\/#primaryimage\"},\"thumbnailUrl\":\"https:\\\/\\\/www.macsmto.fr\\\/wp-content\\\/uploads\\\/2024\\\/04\\\/musee_art_culture_soufis_mto_bianca-bondi_la-clef-d-huitre-scaled.jpeg\",\"datePublished\":\"2024-04-05T13:32:18+00:00\",\"dateModified\":\"2025-04-18T09:34:23+00:00\",\"description\":\"From 28 September 2024 to 6 April 2025, discover Un Ciel int\u00e9rieur, the first exhibition at the MACS MTO\u2122 in Chatou.\",\"breadcrumb\":{\"@id\":\"https:\\\/\\\/www.macsmto.fr\\\/en\\\/expositions\\\/un-ciel-interieur\\\/#breadcrumb\"},\"inLanguage\":\"en-US\",\"potentialAction\":[{\"@type\":\"ReadAction\",\"target\":[\"https:\\\/\\\/www.macsmto.fr\\\/en\\\/expositions\\\/un-ciel-interieur\\\/\"]}]},{\"@type\":\"ImageObject\",\"inLanguage\":\"en-US\",\"@id\":\"https:\\\/\\\/www.macsmto.fr\\\/en\\\/expositions\\\/un-ciel-interieur\\\/#primaryimage\",\"url\":\"https:\\\/\\\/www.macsmto.fr\\\/wp-content\\\/uploads\\\/2024\\\/04\\\/musee_art_culture_soufis_mto_bianca-bondi_la-clef-d-huitre-scaled.jpeg\",\"contentUrl\":\"https:\\\/\\\/www.macsmto.fr\\\/wp-content\\\/uploads\\\/2024\\\/04\\\/musee_art_culture_soufis_mto_bianca-bondi_la-clef-d-huitre-scaled.jpeg\",\"width\":2560,\"height\":1707,\"caption\":\"Bianca Bondi, La clef d\u2019hu\u00eetre, 2022 Fragments from the canals of the city of S\u00e8te, key, gypsophila, leather glove Courtesy of the artist and mor charpentier\"},{\"@type\":\"BreadcrumbList\",\"@id\":\"https:\\\/\\\/www.macsmto.fr\\\/en\\\/expositions\\\/un-ciel-interieur\\\/#breadcrumb\",\"itemListElement\":[{\"@type\":\"ListItem\",\"position\":1,\"name\":\"Home\",\"item\":\"https:\\\/\\\/www.macsmto.fr\\\/en\\\/\"},{\"@type\":\"ListItem\",\"position\":2,\"name\":\"Exhibitions\",\"item\":\"https:\\\/\\\/www.macsmto.fr\\\/expositions\\\/\"},{\"@type\":\"ListItem\",\"position\":3,\"name\":\"Un Ciel int\u00e9rieur\"}]},{\"@type\":\"WebSite\",\"@id\":\"https:\\\/\\\/www.macsmto.fr\\\/en\\\/#website\",\"url\":\"https:\\\/\\\/www.macsmto.fr\\\/en\\\/\",\"name\":\"Mus\u00e9e d\u2019Art et de Culture Soufis MTO\u00ae\",\"description\":\"MACS MTO\",\"publisher\":{\"@id\":\"https:\\\/\\\/www.macsmto.fr\\\/en\\\/#organization\"},\"alternateName\":\"MACS MTO\u00ae\",\"potentialAction\":[{\"@type\":\"SearchAction\",\"target\":{\"@type\":\"EntryPoint\",\"urlTemplate\":\"https:\\\/\\\/www.macsmto.fr\\\/en\\\/?s={search_term_string}\"},\"query-input\":{\"@type\":\"PropertyValueSpecification\",\"valueRequired\":true,\"valueName\":\"search_term_string\"}}],\"inLanguage\":\"en-US\"},{\"@type\":\"Organization\",\"@id\":\"https:\\\/\\\/www.macsmto.fr\\\/en\\\/#organization\",\"name\":\"Mus\u00e9e d\u2019Art et de Culture Soufis MTO\u00ae\",\"alternateName\":\"MACS MTO\u00ae\",\"url\":\"https:\\\/\\\/www.macsmto.fr\\\/en\\\/\",\"logo\":{\"@type\":\"ImageObject\",\"inLanguage\":\"en-US\",\"@id\":\"https:\\\/\\\/www.macsmto.fr\\\/en\\\/#\\\/schema\\\/logo\\\/image\\\/\",\"url\":\"https:\\\/\\\/www.macsmto.fr\\\/wp-content\\\/uploads\\\/2024\\\/05\\\/macs-mto_logo-scaled.jpg\",\"contentUrl\":\"https:\\\/\\\/www.macsmto.fr\\\/wp-content\\\/uploads\\\/2024\\\/05\\\/macs-mto_logo-scaled.jpg\",\"width\":2560,\"height\":1798,\"caption\":\"Mus\u00e9e d\u2019Art et de Culture Soufis MTO\u00ae\"},\"image\":{\"@id\":\"https:\\\/\\\/www.macsmto.fr\\\/en\\\/#\\\/schema\\\/logo\\\/image\\\/\"},\"sameAs\":[\"https:\\\/\\\/www.facebook.com\\\/macsmto\\\/\",\"https:\\\/\\\/www.instagram.com\\\/macsmto\\\/\",\"https:\\\/\\\/www.linkedin.com\\\/company\\\/macsmto\\\/\"]}]}<\/script>\n<!-- \/ Yoast SEO plugin. -->","yoast_head_json":{"title":"Exposition Un Ciel int\u00e9rieur - MACS MTO\u00ae","description":"From 28 September 2024 to 6 April 2025, discover Un Ciel int\u00e9rieur, the first exhibition at the MACS MTO\u2122 in Chatou.","robots":{"index":"index","follow":"follow","max-snippet":"max-snippet:-1","max-image-preview":"max-image-preview:large","max-video-preview":"max-video-preview:-1"},"canonical":"https:\/\/www.macsmto.fr\/en\/expositions\/un-ciel-interieur\/","og_locale":"en_US","og_type":"article","og_title":"Exposition Un Ciel int\u00e9rieur - MACS MTO\u00ae","og_description":"From 28 September 2024 to 6 April 2025, discover Un Ciel int\u00e9rieur, the first exhibition at the MACS MTO\u2122 in Chatou.","og_url":"https:\/\/www.macsmto.fr\/en\/expositions\/un-ciel-interieur\/","og_site_name":"Mus\u00e9e d&#039;art et de culture Soufis MTO","article_publisher":"https:\/\/www.facebook.com\/macsmto\/","article_modified_time":"2025-04-18T09:34:23+00:00","og_image":[{"width":2560,"height":1707,"url":"https:\/\/www.macsmto.fr\/wp-content\/uploads\/2024\/04\/musee_art_culture_soufis_mto_bianca-bondi_la-clef-d-huitre-scaled.jpeg","type":"image\/jpeg"}],"twitter_card":"summary_large_image","twitter_misc":{"Est. reading time":"5 minutes"},"schema":{"@context":"https:\/\/schema.org","@graph":[{"@type":"WebPage","@id":"https:\/\/www.macsmto.fr\/en\/expositions\/un-ciel-interieur\/","url":"https:\/\/www.macsmto.fr\/en\/expositions\/un-ciel-interieur\/","name":"Exposition Un Ciel int\u00e9rieur - MACS MTO\u00ae","isPartOf":{"@id":"https:\/\/www.macsmto.fr\/en\/#website"},"primaryImageOfPage":{"@id":"https:\/\/www.macsmto.fr\/en\/expositions\/un-ciel-interieur\/#primaryimage"},"image":{"@id":"https:\/\/www.macsmto.fr\/en\/expositions\/un-ciel-interieur\/#primaryimage"},"thumbnailUrl":"https:\/\/www.macsmto.fr\/wp-content\/uploads\/2024\/04\/musee_art_culture_soufis_mto_bianca-bondi_la-clef-d-huitre-scaled.jpeg","datePublished":"2024-04-05T13:32:18+00:00","dateModified":"2025-04-18T09:34:23+00:00","description":"From 28 September 2024 to 6 April 2025, discover Un Ciel int\u00e9rieur, the first exhibition at the MACS MTO\u2122 in Chatou.","breadcrumb":{"@id":"https:\/\/www.macsmto.fr\/en\/expositions\/un-ciel-interieur\/#breadcrumb"},"inLanguage":"en-US","potentialAction":[{"@type":"ReadAction","target":["https:\/\/www.macsmto.fr\/en\/expositions\/un-ciel-interieur\/"]}]},{"@type":"ImageObject","inLanguage":"en-US","@id":"https:\/\/www.macsmto.fr\/en\/expositions\/un-ciel-interieur\/#primaryimage","url":"https:\/\/www.macsmto.fr\/wp-content\/uploads\/2024\/04\/musee_art_culture_soufis_mto_bianca-bondi_la-clef-d-huitre-scaled.jpeg","contentUrl":"https:\/\/www.macsmto.fr\/wp-content\/uploads\/2024\/04\/musee_art_culture_soufis_mto_bianca-bondi_la-clef-d-huitre-scaled.jpeg","width":2560,"height":1707,"caption":"Bianca Bondi, La clef d\u2019hu\u00eetre, 2022 Fragments from the canals of the city of S\u00e8te, key, gypsophila, leather glove Courtesy of the artist and mor charpentier"},{"@type":"BreadcrumbList","@id":"https:\/\/www.macsmto.fr\/en\/expositions\/un-ciel-interieur\/#breadcrumb","itemListElement":[{"@type":"ListItem","position":1,"name":"Home","item":"https:\/\/www.macsmto.fr\/en\/"},{"@type":"ListItem","position":2,"name":"Exhibitions","item":"https:\/\/www.macsmto.fr\/expositions\/"},{"@type":"ListItem","position":3,"name":"Un Ciel int\u00e9rieur"}]},{"@type":"WebSite","@id":"https:\/\/www.macsmto.fr\/en\/#website","url":"https:\/\/www.macsmto.fr\/en\/","name":"Mus\u00e9e d\u2019Art et de Culture Soufis MTO\u00ae","description":"MACS MTO","publisher":{"@id":"https:\/\/www.macsmto.fr\/en\/#organization"},"alternateName":"MACS MTO\u00ae","potentialAction":[{"@type":"SearchAction","target":{"@type":"EntryPoint","urlTemplate":"https:\/\/www.macsmto.fr\/en\/?s={search_term_string}"},"query-input":{"@type":"PropertyValueSpecification","valueRequired":true,"valueName":"search_term_string"}}],"inLanguage":"en-US"},{"@type":"Organization","@id":"https:\/\/www.macsmto.fr\/en\/#organization","name":"Mus\u00e9e d\u2019Art et de Culture Soufis MTO\u00ae","alternateName":"MACS MTO\u00ae","url":"https:\/\/www.macsmto.fr\/en\/","logo":{"@type":"ImageObject","inLanguage":"en-US","@id":"https:\/\/www.macsmto.fr\/en\/#\/schema\/logo\/image\/","url":"https:\/\/www.macsmto.fr\/wp-content\/uploads\/2024\/05\/macs-mto_logo-scaled.jpg","contentUrl":"https:\/\/www.macsmto.fr\/wp-content\/uploads\/2024\/05\/macs-mto_logo-scaled.jpg","width":2560,"height":1798,"caption":"Mus\u00e9e d\u2019Art et de Culture Soufis MTO\u00ae"},"image":{"@id":"https:\/\/www.macsmto.fr\/en\/#\/schema\/logo\/image\/"},"sameAs":["https:\/\/www.facebook.com\/macsmto\/","https:\/\/www.instagram.com\/macsmto\/","https:\/\/www.linkedin.com\/company\/macsmto\/"]}]}},"_links":{"self":[{"href":"https:\/\/www.macsmto.fr\/en\/wp-json\/wp\/v2\/exhibitions\/2757","targetHints":{"allow":["GET"]}}],"collection":[{"href":"https:\/\/www.macsmto.fr\/en\/wp-json\/wp\/v2\/exhibitions"}],"about":[{"href":"https:\/\/www.macsmto.fr\/en\/wp-json\/wp\/v2\/types\/exhibitions"}],"author":[{"embeddable":true,"href":"https:\/\/www.macsmto.fr\/en\/wp-json\/wp\/v2\/users\/2"}],"version-history":[{"count":60,"href":"https:\/\/www.macsmto.fr\/en\/wp-json\/wp\/v2\/exhibitions\/2757\/revisions"}],"predecessor-version":[{"id":8727,"href":"https:\/\/www.macsmto.fr\/en\/wp-json\/wp\/v2\/exhibitions\/2757\/revisions\/8727"}],"wp:featuredmedia":[{"embeddable":true,"href":"https:\/\/www.macsmto.fr\/en\/wp-json\/wp\/v2\/media\/2930"}],"wp:attachment":[{"href":"https:\/\/www.macsmto.fr\/en\/wp-json\/wp\/v2\/media?parent=2757"}],"curies":[{"name":"wp","href":"https:\/\/api.w.org\/{rel}","templated":true}]}}